{"id":8282,"date":"2023-09-18T16:44:23","date_gmt":"2023-09-18T14:44:23","guid":{"rendered":"https:\/\/rheumazentrum-mittelhessen.de\/zuweiser-und-partner\/zuweiser-copy\/"},"modified":"2026-04-13T11:12:02","modified_gmt":"2026-04-13T09:12:02","slug":"informationen-fuer-zuweiserinnen","status":"publish","type":"page","link":"https:\/\/rheumazentrum-mittelhessen.de\/el_el\/zuweiser-und-partner\/informationen-fuer-zuweiserinnen\/","title":{"rendered":"Informationen f\u00fcr Zuweiser*innen"},"content":{"rendered":"<div data-q_id=\"#aertzlicher-dienst\" class=\"vc_row wpb_row section vc_row-fluid  startcontainer mpc-row\" style=\" text-align:left;\"><div class=\"full_section_inner clearfix\"><div class=\"wpb_column vc_column_container vc_col-sm-12 mpc-column\" data-column-id=\"mpc_column-3069f088357fde2\"><div class=\"vc_column-inner\"><div class=\"wpb_wrapper\"><div class=\"vc_row wpb_row section vc_row-fluid vc_inner   grid_section mpc-row\" style=\" text-align:left;\"><div class=\"section_inner clearfix\"><div class=\"section_inner_margin clearfix\"><div class=\"text-center wpb_column vc_column_container vc_col-sm-2 mpc-column\" data-column-id=\"mpc_column-9869f088357ea05\"><div class=\"vc_column-inner\"><div class=\"wpb_wrapper\"><\/div><\/div><\/div><div class=\"wpb_column vc_column_container vc_col-sm-8 mpc-column\" data-column-id=\"mpc_column-8269f088357ef2f\"><div class=\"vc_column-inner\"><div class=\"wpb_wrapper\">\n\t<div class=\"wpb_text_column wpb_content_element  vc_custom_1722337307198\">\n\t\t<div class=\"wpb_wrapper\">\n\t\t\t<h2 class=\"h2\" style=\"text-align: center;\">Kompetente Ansprechpartner f&uuml;r Sie erreichbar<\/h2>\n\n\t\t<\/div> \n\t<\/div> <\/div><\/div><\/div><div class=\"wpb_column vc_column_container vc_col-sm-2 mpc-column\" data-column-id=\"mpc_column-9069f088357f0e1\"><div class=\"vc_column-inner\"><div class=\"wpb_wrapper\"><\/div><\/div><\/div><\/div><\/div><\/div><div class=\"vc_row wpb_row section vc_row-fluid vc_inner   grid_section mpc-row\" style=\" text-align:left;\"><div class=\"section_inner clearfix\"><div class=\"section_inner_margin clearfix\"><div class=\"text-center wpb_column vc_column_container vc_col-sm-2 mpc-column\" data-column-id=\"mpc_column-9669f088357f5ff\"><div class=\"vc_column-inner\"><div class=\"wpb_wrapper\"><\/div><\/div><\/div><div class=\"wpb_column vc_column_container vc_col-sm-8 mpc-column\" data-column-id=\"mpc_column-3669f088357f94d\"><div class=\"vc_column-inner\"><div class=\"wpb_wrapper\">\n\t<div class=\"wpb_text_column wpb_content_element  page-intro vc_custom_1732802552711\">\n\t\t<div class=\"wpb_wrapper\">\n\t\t\t<p style=\"text-align: center;\">Als rheumatologisches Kompetenzzentrum stehen wir Ihnen gern mit unserer Expertise und der ganzheitlichen Versorgung Ihrer Patient*innen zur Verf&uuml;gung. Unser Anspruch ist es, die Einweisung in die Rheumaklinik so schnell und einfach wie m&ouml;glich f&uuml;r Sie gestalten. Falls doch einmal Fragen auftreten sollten, sind mehrere Ansprechpartner zu festen Sprechzeiten f&uuml;r Sie da und unterst&uuml;tzen Sie bei der Einweisung oder sonstigen Anliegen und Fragen zur Kosten&uuml;bernahme &ndash; vor, w&auml;hrend und nach der Einweisung Ihrer Patient*innen.<\/p>\n<p>&nbsp;<\/p>\n\n\t\t<\/div> \n\t<\/div> <\/div><\/div><\/div><div class=\"wpb_column vc_column_container vc_col-sm-2 mpc-column\" data-column-id=\"mpc_column-5969f088357fae8\"><div class=\"vc_column-inner\"><div class=\"wpb_wrapper\"><\/div><\/div><\/div><\/div><\/div><\/div><\/div><\/div><\/div><\/div><\/div><div class=\"vc_row wpb_row section vc_row-fluid   grid_section mpc-row\" style=\" text-align:left;\"><div class=\"section_inner clearfix\"><div class=\"section_inner_margin clearfix\"><div class=\"wpb_column vc_column_container vc_col-sm-12 mpc-column\" data-column-id=\"mpc_column-7369f0883580a44\"><div class=\"vc_column-inner\"><div class=\"wpb_wrapper\">\t<div class=\"vc_empty_space  empty-120\" style=\"height: 120px\"><span class=\"vc_empty_space_inner\">\n\t\t\t<span class=\"empty_space_image\"><\/span>\n\t\t<\/span><\/div>\n\n\n\t<div class=\"wpb_text_column wpb_content_element\">\n\t\t<div class=\"wpb_wrapper\">\n\t\t\t<h2 style=\"text-align: center;\">Zuweisungsm&ouml;glichkeiten<\/h2>\n\n\t\t<\/div> \n\t<\/div> \t<div class=\"vc_empty_space  empty-80\" style=\"height: 80px\"><span class=\"vc_empty_space_inner\">\n\t\t\t<span class=\"empty_space_image\"><\/span>\n\t\t<\/span><\/div>\n\n<\/div><\/div><\/div><\/div><\/div><\/div><div class=\"vc_row wpb_row section vc_row-fluid  module15 vc_custom_1666791926237  grid_section mpc-row\" style=\" text-align:left;\"><div class=\"section_inner clearfix\"><div class=\"section_inner_margin clearfix\"><div class=\"module15-p1 wpb_column vc_column_container vc_col-sm-6 vc_hidden-sm vc_col-has-fill mpc-column\" data-column-id=\"mpc_column-5569f088358206a\"><div class=\"vc_column-inner vc_custom_1703073293098\"><div class=\"wpb_wrapper\"><div class=\"vc_row wpb_row section vc_row-fluid vc_inner mpc-row\" style=\" text-align:left;\"><div class=\"full_section_inner clearfix\"><div class=\"wpb_column vc_column_container vc_col-sm-12 mpc-column\" data-column-id=\"mpc_column-569f0883581c1f\"><div class=\"vc_column-inner\"><div class=\"wpb_wrapper\">\t<div class=\"vc_empty_space  empty-80\" style=\"height: 80px\"><span class=\"vc_empty_space_inner\">\n\t\t\t<span class=\"empty_space_image\"><\/span>\n\t\t<\/span><\/div>\n\n\n\t<div class=\"wpb_text_column wpb_content_element\">\n\t\t<div class=\"wpb_wrapper\">\n\t\t\t<h3 class=\"module15-title\" style=\"text-align: left;\"><span style=\"color: #e40043;\"> Kontaktieren Sie uns<\/span><\/h3>\n<p>&nbsp;<\/p>\n\n\t\t<\/div> \n\t<\/div> \t<div class=\"vc_empty_space  empty-30\" style=\"height: 30px\"><span class=\"vc_empty_space_inner\">\n\t\t\t<span class=\"empty_space_image\"><\/span>\n\t\t<\/span><\/div>\n\n\n\t<div class=\"wpb_text_column wpb_content_element\">\n\t\t<div class=\"wpb_wrapper\">\n\t\t\t<p class=\"p1\">Wir stehen Ihnen gern f&uuml;r Zuweisungen, Fragen oder sonstige Anliegen zur Verf&uuml;gung! Bitte beachten Sie unsere Telefon-Sprechzeiten.<\/p>\n<p>&nbsp;<\/p>\n<p class=\"p1\">Telefonisch erreichen Sie uns zu den folgenden Sprechzeiten:<\/p>\n<p>&nbsp;<\/p>\n<div style=\"width: 100%; display: flex; flex-direction: row;\">\n<div style=\"width: 30%; text-align: left;\">\n<p>Montag<\/p>\n<\/div>\n<div style=\"width: 70%; text-align: left;\">\n<p>8:30 &ndash; 16:00 Uhr<\/p>\n<\/div>\n<\/div>\n<div style=\"width: 100%; display: flex; flex-direction: row;\">\n<div style=\"width: 30%; text-align: left;\">\n<p>Dienstag<\/p>\n<\/div>\n<div style=\"width: 70%; text-align: left;\">\n<p>8:30 &ndash; 16:00 Uhr<\/p>\n<\/div>\n<\/div>\n<div style=\"width: 100%; display: flex; flex-direction: row;\">\n<div style=\"width: 30%; text-align: left;\">\n<p>Mittwoch<\/p>\n<\/div>\n<div style=\"width: 70%; text-align: left;\">\n<p>8:30 &ndash; 13:00 Uhr<\/p>\n<\/div>\n<\/div>\n<div style=\"width: 100%; display: flex; flex-direction: row;\">\n<div style=\"width: 30%; text-align: left;\">\n<p>Donnerstag<\/p>\n<\/div>\n<div style=\"width: 70%; text-align: left;\">\n<p>8:30 &ndash; 16:00 Uhr<\/p>\n<\/div>\n<\/div>\n<div style=\"width: 100%; display: flex; flex-direction: row;\">\n<div style=\"width: 30%; text-align: left;\">\n<p>Freitag<\/p>\n<\/div>\n<div style=\"width: 70%; text-align: left;\">\n<p>8:30 &ndash; 13:00 Uhr<\/p>\n<\/div>\n<\/div>\n\n\t\t<\/div> \n\t<\/div> \t<div class=\"vc_empty_space  empty-80\" style=\"height: 80px\"><span class=\"vc_empty_space_inner\">\n\t\t\t<span class=\"empty_space_image\"><\/span>\n\t\t<\/span><\/div>\n\n<\/div><\/div><\/div><\/div><\/div><\/div><\/div><\/div><div class=\"rzmh-kontakt-module-inner wpb_column vc_column_container vc_col-sm-6 vc_hidden-sm vc_col-has-fill mpc-column\" data-column-id=\"mpc_column-869f0883586f02\"><div class=\"vc_column-inner vc_custom_1703073299582\"><div class=\"wpb_wrapper\"><div class=\"vc_row wpb_row section vc_row-fluid vc_inner  top-box mpc-row\" style=\" text-align:left;\"><div class=\"full_section_inner clearfix\"><div class=\"wpb_column vc_column_container vc_col-sm-8 mpc-column\" data-column-id=\"mpc_column-4969f0883583bf5\"><div class=\"vc_column-inner\"><div class=\"wpb_wrapper\">\t<div class=\"vc_empty_space  empty-80\" style=\"height: 80px\"><span class=\"vc_empty_space_inner\">\n\t\t\t<span class=\"empty_space_image\"><\/span>\n\t\t<\/span><\/div>\n\n\n\t<div class=\"wpb_text_column wpb_content_element\">\n\t\t<div class=\"wpb_wrapper\">\n\t\t\t<h3 class=\"module15-title\" style=\"text-align: left;\"><span style=\"color: #e40043;\">Weitere Fragen?<\/span><\/h3>\n<p>&nbsp;<\/p>\n\n\t\t<\/div> \n\t<\/div> \t<div class=\"vc_empty_space  leer-40\" style=\"height: 40px\"><span class=\"vc_empty_space_inner\">\n\t\t\t<span class=\"empty_space_image\"><\/span>\n\t\t<\/span><\/div>\n\n\n\t<div class=\"wpb_text_column wpb_content_element\">\n\t\t<div class=\"wpb_wrapper\">\n\t\t\t<p style=\"hyphens: none;\"><strong>Ihr Ansprechpartner f&uuml;r fachlichen Austausch und medizinische R&uuml;ckfragen<\/strong>: Daniel Fink<\/p>\n<p>Telefon: <a href=\"tel:+492776919383\">02776 919 383<\/a><\/p>\n<p>&nbsp;<\/p>\n<p>&nbsp;<\/p>\n\n\t\t<\/div> \n\t<\/div> \n\t<div class=\"wpb_single_image wpb_content_element vc_align_center   hide-on-desktop module15-img desktop-img smaller-circle\">\n\t\t<div class=\"wpb_wrapper\">\n\t\t\t\n\t\t\t<div class=\"vc_single_image-wrapper   vc_box_border_grey\"><img loading=\"lazy\" decoding=\"async\" class=\"vc_single_image-img\" src=\"https:\/\/rheumazentrum-mittelhessen.de\/wp-content\/uploads\/2024\/05\/RZMH_Portrait_Fink_web-313x313-1-200x200.jpg\" width=\"200\" height=\"200\" alt=\"RZMH_Portrait_Fink_web-313x313\" title=\"RZMH_Portrait_Fink_web-313x313\"><\/div>\n\t\t<\/div>\n\t<\/div>\n<\/div><\/div><\/div><div class=\"wpb_column vc_column_container vc_col-sm-4 mpc-column\" data-column-id=\"mpc_column-7269f088358433f\"><div class=\"vc_column-inner\"><div class=\"wpb_wrapper\">\t<div class=\"vc_empty_space  empty-80\" style=\"height: 80px\"><span class=\"vc_empty_space_inner\">\n\t\t\t<span class=\"empty_space_image\"><\/span>\n\t\t<\/span><\/div>\n\n\n\t<div class=\"wpb_single_image wpb_content_element vc_align_center   hide-on-mobile module15-img smaller-circle\">\n\t\t<div class=\"wpb_wrapper\">\n\t\t\t\n\t\t\t<div class=\"vc_single_image-wrapper   vc_box_border_grey\"><img loading=\"lazy\" decoding=\"async\" class=\"vc_single_image-img\" src=\"https:\/\/rheumazentrum-mittelhessen.de\/wp-content\/uploads\/2024\/05\/RZMH_Portrait_Fink_web-313x313-1-200x200.jpg\" width=\"200\" height=\"200\" alt=\"RZMH_Portrait_Fink_web-313x313\" title=\"RZMH_Portrait_Fink_web-313x313\"><\/div>\n\t\t<\/div>\n\t<\/div>\n<\/div><\/div><\/div><\/div><\/div><div class=\"vc_row wpb_row section vc_row-fluid vc_inner  bottom-box mpc-row\" style=\" text-align:left;\"><div class=\"full_section_inner clearfix\"><div class=\"wpb_column vc_column_container vc_col-sm-8 mpc-column\" data-column-id=\"mpc_column-1869f08835861e7\"><div class=\"vc_column-inner\"><div class=\"wpb_wrapper\">\t<div class=\"vc_empty_space  leer-40\" style=\"height: 40px\"><span class=\"vc_empty_space_inner\">\n\t\t\t<span class=\"empty_space_image\"><\/span>\n\t\t<\/span><\/div>\n\n\n\t<div class=\"wpb_text_column wpb_content_element\">\n\t\t<div class=\"wpb_wrapper\">\n\t\t\t<p style=\"hyphens: none;\"><strong>Ihr Team der Bettendisposition f&uuml;r organisatorische R&uuml;ckfragen zum Zuweisungsprozess<\/strong>:<\/p>\n<p>Telefon: <a href=\"tel:+492776919111\">02776 919 111<\/a><\/p>\n<p>E-Mail: <a href=\"mailto:info@rzmh.de\">info@rzmh.de<\/a><\/p>\n\n\t\t<\/div> \n\t<\/div> \t<div class=\"vc_empty_space  leer-80\" style=\"height: 80px\"><span class=\"vc_empty_space_inner\">\n\t\t\t<span class=\"empty_space_image\"><\/span>\n\t\t<\/span><\/div>\n\n\n\t<div class=\"wpb_single_image wpb_content_element vc_align_center   hide-on-desktop module15-img desktop-img smaller-circle\">\n\t\t<div class=\"wpb_wrapper\">\n\t\t\t\n\t\t\t<div class=\"vc_single_image-wrapper   vc_box_border_grey\"><img loading=\"lazy\" decoding=\"async\" class=\"vc_single_image-img\" src=\"https:\/\/rheumazentrum-mittelhessen.de\/wp-content\/uploads\/2024\/05\/RZMH_Icon_Ansprechpartner_wide_2-200x200.png\" width=\"200\" height=\"200\" alt=\"RZMH_Icon_Ansprechpartner_wide_2\" title=\"RZMH_Icon_Ansprechpartner_wide_2\"><\/div>\n\t\t<\/div>\n\t<\/div>\n<\/div><\/div><\/div><div class=\"wpb_column vc_column_container vc_col-sm-4 mpc-column\" data-column-id=\"mpc_column-5469f08835868e0\"><div class=\"vc_column-inner\"><div class=\"wpb_wrapper\">\t<div class=\"vc_empty_space  leer-40\" style=\"height: 40px\"><span class=\"vc_empty_space_inner\">\n\t\t\t<span class=\"empty_space_image\"><\/span>\n\t\t<\/span><\/div>\n\n\n\t<div class=\"wpb_single_image wpb_content_element vc_align_center   hide-on-mobile module15-img smaller-circle\">\n\t\t<div class=\"wpb_wrapper\">\n\t\t\t\n\t\t\t<div class=\"vc_single_image-wrapper   vc_box_border_grey\"><img loading=\"lazy\" decoding=\"async\" class=\"vc_single_image-img\" src=\"https:\/\/rheumazentrum-mittelhessen.de\/wp-content\/uploads\/2024\/05\/RZMH_Icon_Ansprechpartner_wide_2-200x200.png\" width=\"200\" height=\"200\" alt=\"RZMH_Icon_Ansprechpartner_wide_2\" title=\"RZMH_Icon_Ansprechpartner_wide_2\"><\/div>\n\t\t<\/div>\n\t<\/div>\n<\/div><\/div><\/div><\/div><\/div><\/div><\/div><\/div><\/div><\/div><\/div><div class=\"vc_row wpb_row section vc_row-fluid  module15 vc_custom_1666791926237  grid_section mpc-row\" style=\" text-align:left;\"><div class=\"section_inner clearfix\"><div class=\"section_inner_margin clearfix\"><div class=\"module15-p1 wpb_column vc_column_container vc_col-sm-6 vc_hidden-lg vc_hidden-md vc_hidden-xs vc_col-has-fill mpc-column\" data-column-id=\"mpc_column-569f0883588f72\"><div class=\"vc_column-inner vc_custom_1703073311046\"><div class=\"wpb_wrapper\"><div class=\"vc_row wpb_row section vc_row-fluid vc_inner mpc-row\" style=\" text-align:left;\"><div class=\"full_section_inner clearfix\"><div class=\"wpb_column vc_column_container vc_col-sm-12 mpc-column\" data-column-id=\"mpc_column-7769f08835888f2\"><div class=\"vc_column-inner\"><div class=\"wpb_wrapper\">\t<div class=\"vc_empty_space  empty-80\" style=\"height: 80px\"><span class=\"vc_empty_space_inner\">\n\t\t\t<span class=\"empty_space_image\"><\/span>\n\t\t<\/span><\/div>\n\n\n\t<div class=\"wpb_text_column wpb_content_element\">\n\t\t<div class=\"wpb_wrapper\">\n\t\t\t<h3 class=\"module15-title\" style=\"text-align: left;\"><span style=\"color: #e40043;\"> Kontaktieren Sie uns<\/span><\/h3>\n<p>&nbsp;<\/p>\n\n\t\t<\/div> \n\t<\/div> \t<div class=\"vc_empty_space  empty-30\" style=\"height: 30px\"><span class=\"vc_empty_space_inner\">\n\t\t\t<span class=\"empty_space_image\"><\/span>\n\t\t<\/span><\/div>\n\n\n\t<div class=\"wpb_text_column wpb_content_element\">\n\t\t<div class=\"wpb_wrapper\">\n\t\t\t<p class=\"p1\">Wir stehen Ihnen gern f&uuml;r Zuweisungen, Fragen oder sonstige Anliegen zur Verf&uuml;gung! Bitte beachten Sie unsere Telefon-Sprechzeiten.<\/p>\n<p>&nbsp;<\/p>\n<p class=\"p1\">Telefonisch erreichen Sie uns zu den folgenden Sprechzeiten:<\/p>\n<p>&nbsp;<\/p>\n<table class=\"tg\">\n<tbody>\n<tr>\n<td class=\"tg-0lax\"><span style=\"font-weight: 300; font-style: normal;\">Montag<\/span><\/td>\n<td class=\"tg-0lax\"><span style=\"background-color: initial;\">8:30 &ndash; <\/span><span style=\"font-weight: 300; font-style: normal;\">16:00 Uhr<\/span><\/td>\n<\/tr>\n<tr>\n<td class=\"tg-0lax\"><span style=\"font-weight: 300; font-style: normal;\">Dienstag<\/span><\/td>\n<td class=\"tg-0lax\">8:30 &ndash; 16:00 Uhr<\/td>\n<\/tr>\n<tr>\n<td class=\"tg-0lax\"><span style=\"font-weight: 300; font-style: normal;\">Mittwoch<\/span><\/td>\n<td class=\"tg-0lax\">8:30 &ndash; 13:00 Uhr<\/td>\n<\/tr>\n<tr>\n<td class=\"tg-0lax\"><span style=\"font-weight: 300; font-style: normal;\">Donnerstag<\/span><\/td>\n<td class=\"tg-0lax\">8:30 &ndash; 16:00 Uhr<\/td>\n<\/tr>\n<tr>\n<td class=\"tg-0lax\"><span style=\"font-weight: 300; font-style: normal;\">Freitag<\/span><\/td>\n<td class=\"tg-0lax\">8:30 &ndash; 13:00 Uhr<\/td>\n<\/tr>\n<\/tbody>\n<\/table>\n\n\t\t<\/div> \n\t<\/div> \t<div class=\"vc_empty_space  empty-80\" style=\"height: 80px\"><span class=\"vc_empty_space_inner\">\n\t\t\t<span class=\"empty_space_image\"><\/span>\n\t\t<\/span><\/div>\n\n<\/div><\/div><\/div><\/div><\/div><\/div><\/div><\/div><div class=\"rzmh-kontakt-module-inner wpb_column vc_column_container vc_col-sm-6 vc_hidden-lg vc_hidden-md vc_hidden-xs vc_col-has-fill mpc-column\" data-column-id=\"mpc_column-9869f088358a944\"><div class=\"vc_column-inner vc_custom_1703073320969\"><div class=\"wpb_wrapper\"><div class=\"vc_row wpb_row section vc_row-fluid vc_inner mpc-row\" style=\" text-align:left;\"><div class=\"full_section_inner clearfix\"><div class=\"wpb_column vc_column_container vc_col-sm-12 mpc-column\" data-column-id=\"mpc_column-5469f088358a2f8\"><div class=\"vc_column-inner\"><div class=\"wpb_wrapper\">\t<div class=\"vc_empty_space  empty-80\" style=\"height: 80px\"><span class=\"vc_empty_space_inner\">\n\t\t\t<span class=\"empty_space_image\"><\/span>\n\t\t<\/span><\/div>\n\n\n\t<div class=\"wpb_text_column wpb_content_element\">\n\t\t<div class=\"wpb_wrapper\">\n\t\t\t<h3 class=\"module15-title\" style=\"text-align: left;\"><span style=\"color: #e40043;\">Weitere Fragen?<\/span><\/h3>\n<p>&nbsp;<\/p>\n\n\t\t<\/div> \n\t<\/div> \t<div class=\"vc_empty_space  leer-60\" style=\"height: 60px\"><span class=\"vc_empty_space_inner\">\n\t\t\t<span class=\"empty_space_image\"><\/span>\n\t\t<\/span><\/div>\n\n\n\t<div class=\"wpb_text_column wpb_content_element\">\n\t\t<div class=\"wpb_wrapper\">\n\t\t\t<p style=\"hyphens: none;\"><strong>Ihr Ansprechpartner f&uuml;r fachlichen Austausch und medizinische R&uuml;ckfragen<\/strong>: Daniel Fink<\/p>\n<p>Telefon: <a href=\"tel:+492776919383\">02776 919 383<\/a><\/p>\n\n\t\t<\/div> \n\t<\/div> \t<div class=\"vc_empty_space  leer-80\" style=\"height: 80px\"><span class=\"vc_empty_space_inner\">\n\t\t\t<span class=\"empty_space_image\"><\/span>\n\t\t<\/span><\/div>\n\n\n\t<div class=\"wpb_single_image wpb_content_element vc_align_center   module15-img desktop-img smaller-circle\">\n\t\t<div class=\"wpb_wrapper\">\n\t\t\t\n\t\t\t<div class=\"vc_single_image-wrapper   vc_box_border_grey\"><img loading=\"lazy\" decoding=\"async\" class=\"vc_single_image-img\" src=\"https:\/\/rheumazentrum-mittelhessen.de\/wp-content\/uploads\/2024\/05\/RZMH_Portrait_Fink_web-313x313-1-200x200.jpg\" width=\"200\" height=\"200\" alt=\"RZMH_Portrait_Fink_web-313x313\" title=\"RZMH_Portrait_Fink_web-313x313\"><\/div>\n\t\t<\/div>\n\t<\/div>\n\n\t<div class=\"wpb_text_column wpb_content_element\">\n\t\t<div class=\"wpb_wrapper\">\n\t\t\t<p style=\"hyphens: none;\"><strong>Ihr Team der Bettendisposition f&uuml;r organisatorische R&uuml;ckfragen zum Zuweisungsprozess<\/strong>:<\/p>\n<p>Telefon: <a href=\"tel:+492776919111\">02776 919 111<\/a><\/p>\n<p>E-Mail: <a href=\"mailto:info@rzmh.de\">info@rzmh.de<\/a><\/p>\n\n\t\t<\/div> \n\t<\/div> \t<div class=\"vc_empty_space  leer-80\" style=\"height: 80px\"><span class=\"vc_empty_space_inner\">\n\t\t\t<span class=\"empty_space_image\"><\/span>\n\t\t<\/span><\/div>\n\n\n\t<div class=\"wpb_single_image wpb_content_element vc_align_center   module15-img desktop-img smaller-circle\">\n\t\t<div class=\"wpb_wrapper\">\n\t\t\t\n\t\t\t<div class=\"vc_single_image-wrapper   vc_box_border_grey\"><img loading=\"lazy\" decoding=\"async\" class=\"vc_single_image-img\" src=\"https:\/\/rheumazentrum-mittelhessen.de\/wp-content\/uploads\/2024\/05\/RZMH_Icon_Ansprechpartner_wide_2-200x200.png\" width=\"200\" height=\"200\" alt=\"RZMH_Icon_Ansprechpartner_wide_2\" title=\"RZMH_Icon_Ansprechpartner_wide_2\"><\/div>\n\t\t<\/div>\n\t<\/div>\n<\/div><\/div><\/div><\/div><\/div><\/div><\/div><\/div><\/div><\/div><\/div><div id=\"module7-linking\" class=\"vc_row wpb_row section vc_row-fluid  module7  grid_section mpc-row\" style=\" text-align:left;\"><div class=\"section_inner clearfix\"><div class=\"section_inner_margin clearfix\"><div class=\"wpb_column vc_column_container vc_col-sm-12 mpc-column\" data-column-id=\"mpc_column-2869f088358d576\"><div class=\"vc_column-inner\"><div class=\"wpb_wrapper\">\t<div class=\"vc_empty_space  empty-120\" style=\"height: 120px\"><span class=\"vc_empty_space_inner\">\n\t\t\t<span class=\"empty_space_image\"><\/span>\n\t\t<\/span><\/div>\n\n\n\t<div class=\"wpb_text_column wpb_content_element\">\n\t\t<div class=\"wpb_wrapper\">\n\t\t\t<h2 class=\"module7-h2\" style=\"text-align: center;\">Informationen zum Zuweisungsprozess im Rheumazentrum Mittelhessen<\/h2>\n\n\t\t<\/div> \n\t<\/div> \t<div class=\"vc_empty_space  empty-80\" style=\"height: 80px\"><span class=\"vc_empty_space_inner\">\n\t\t\t<span class=\"empty_space_image\"><\/span>\n\t\t<\/span><\/div>\n\n<div class=\"vc_row wpb_row section vc_row-fluid vc_inner  module7-inner  grid_section mpc-row\" style=\" text-align:left;\"><div class=\"section_inner clearfix\"><div class=\"section_inner_margin clearfix\"><div class=\"module7-p1 module7-p -mouse-pointer wpb_column vc_column_container vc_col-sm-6 mpc-column\" id=\"krankheitsbilder\" data-column-id=\"mpc_column-3669f088358bf3d\"><div class=\"vc_column-inner\"><div class=\"wpb_wrapper\">\n\t<div class=\"wpb_text_column wpb_content_element  module7-text vc_custom_1732884218316\">\n\t\t<div class=\"wpb_wrapper\">\n\t\t\t<h3 class=\"module7-title\">Anmeldung von Patient*innen<\/h3>\n<p class=\"module7-text\">Die Anmeldung in unserer Rheumaklinik Bad Endbach erfolgt telefonisch unter 02776-919 111. Unser Team der Bettendisposition steht Ihnen gerne f&uuml;r alle organisatorischen Fragen zur Verf&uuml;gung.<\/p>\n<p>&nbsp;<\/p>\n\n\t\t<\/div> \n\t<\/div> <\/div><\/div><\/div><div class=\"module7-p2 module7-p -mouse-pointer wpb_column vc_column_container vc_col-sm-6 mpc-column\" id=\"diagnose\" data-column-id=\"mpc_column-1969f088358c32a\"><div class=\"vc_column-inner\"><div class=\"wpb_wrapper\">\n\t<div class=\"wpb_text_column wpb_content_element  module7-text vc_custom_1702641112302\">\n\t\t<div class=\"wpb_wrapper\">\n\t\t\t<h3 class=\"module7-title\">Versand von Bildern &amp; Befunden<\/h3>\n<p class=\"module7-text\">Momentan nehmen wir alle Dokumente in Papierform oder auf CD entgegen. Wir freuen uns jedoch auf die Einf&uuml;hrung der Datenspeicherung auf der elektronischen Gesundheitskarte und ein digitales Patientenportal, das wir aktuell einrichten.<\/p>\n<p>&nbsp;<\/p>\n\n\t\t<\/div> \n\t<\/div> <\/div><\/div><\/div><\/div><\/div><\/div><div class=\"vc_row wpb_row section vc_row-fluid vc_inner  module7-inner  grid_section mpc-row\" style=\" text-align:left;\"><div class=\"section_inner clearfix\"><div class=\"section_inner_margin clearfix\"><div class=\"module7-p3 module7-p -mouse-pointer wpb_column vc_column_container vc_col-sm-6 mpc-column\" id=\"therapie\" data-column-id=\"mpc_column-569f088358cabf\"><div class=\"vc_column-inner\"><div class=\"wpb_wrapper\">\n\t<div class=\"wpb_text_column wpb_content_element  vc_custom_1702641138237\">\n\t\t<div class=\"wpb_wrapper\">\n\t\t\t<h3 class=\"module7-title\">Kostentr&auml;ger<\/h3>\n<p class=\"module7-text\">Wir nehmen Patient*innen der gesetzlichen und privaten Krankenkassen, der Deutschen Rentenversicherung Hessen, andere Rentenversicherungstr&auml;ger, sonstige Sozialleistungstr&auml;ger und schlie&szlig;lich Selbstzahler bei uns auf.<\/p>\n<p>&nbsp;<\/p>\n\n\t\t<\/div> \n\t<\/div> <\/div><\/div><\/div><div class=\"module7-p4 module7-p -mouse-pointer wpb_column vc_column_container vc_col-sm-6 mpc-column\" id=\"einrichtungen\" data-column-id=\"mpc_column-8169f088358ce98\"><div class=\"vc_column-inner\"><div class=\"wpb_wrapper\">\n\t<div class=\"wpb_text_column wpb_content_element  vc_custom_1713855545788\">\n\t\t<div class=\"wpb_wrapper\">\n\t\t\t<h3 class=\"module7-title\">Downloadbereich f&uuml;r Zuweiser*innen<\/h3>\n<p class=\"module7-text\" style=\"padding-bottom: 5px;\">Formulare, Antr&auml;ge und weitere Dokumente, die f&uuml;r die Zuweisung Ihrer Patientinnen und Patienten in unserer Rheumaklinik Bad Endbach relevant sind, finden Sie im <a style=\"color: #e50043;\" href=\"https:\/\/rheumazentrum-mittelhessen.de\/el_el\/zuweiser-und-partner\/downloadbereich-fuer-zuweiserinnen\/\">Downloadbereich<\/a> f&uuml;r Zuweiser*innen.<\/p>\n<p>&nbsp;<\/p>\n<p><a style=\"color: #e50043;\" href=\"https:\/\/rheumazentrum-mittelhessen.de\/el_el\/zuweiser-und-partner\/downloadbereich-fuer-zuweiserinnen\/\">Zum Downloadbereich<\/a><\/p>\n<p>&nbsp;<\/p>\n\n\t\t<\/div> \n\t<\/div> <\/div><\/div><\/div><\/div><\/div><\/div>\n\t<div class=\"wpb_raw_code wpb_raw_js\">\n\t\t<div class=\"wpb_wrapper\">\n\t\t\t<script>\nconst m7sections = document.querySelectorAll(\".module7-p\");\nconst module7 = document.querySelector(\"#module7-linking\");\n\nconst m7btns = document.querySelectorAll(\".mpc-button__icon\");\nm7btns.forEach(function(btn){btn.addEventListener(\"mouseover\", function(){\n   const parent = this.closest(\".module7-p\");\n   parent.classList.add(\"active\");\n})});\n\n\nm7btns.forEach(function(btn){btn.addEventListener(\"mouseleave\", function(){\n   const parent = this.closest(\".module7-p\");\n   parent.classList.remove(\"active\");\n})});\n\nm7sections.forEach(function(section){section.addEventListener(\"mouseover\", function(){\n   section.classList.add(\"active\");\n   const parent = this.closest(\".module7-p\");\n   parent.classList.add(\"active\");\n})});\n\nm7sections.forEach(function(section){section.addEventListener(\"mouseleave\", function(){\n   section.classList.remove(\"active\");\n})});\n\n<\/script>\n\t\t<\/div>\n\t<\/div>\n<\/div><\/div><\/div><\/div><\/div><\/div><div class=\"vc_row wpb_row section vc_row-fluid mpc-row\" style=\" text-align:left;\"><div class=\"full_section_inner clearfix\"><div class=\"wpb_column vc_column_container vc_col-sm-12 mpc-column\" data-column-id=\"mpc_column-8669f088358e21e\"><div class=\"vc_column-inner\"><div class=\"wpb_wrapper\">\t<div class=\"vc_empty_space  empty-120\" style=\"height: 120px\"><span class=\"vc_empty_space_inner\">\n\t\t\t<span class=\"empty_space_image\"><\/span>\n\t\t<\/span><\/div>\n\n<\/div><\/div><\/div><\/div><\/div><div id=\"informationen-fuer-angehoerige\" class=\"vc_row wpb_row section vc_row-fluid  row-with-background-2-without-padding  grid_section mpc-row\" style=\" padding-bottom:0px; text-align:left;\"><div class=\"section_inner clearfix\"><div class=\"section_inner_margin clearfix\"><div class=\"wpb_column vc_column_container vc_col-sm-12 vc_hidden-sm vc_hidden-xs mpc-column\" data-column-id=\"mpc_column-4469f088358fc49\"><div class=\"vc_column-inner\"><div class=\"wpb_wrapper\">\t<div class=\"vc_empty_space  empty-120\" style=\"height: 120px\"><span class=\"vc_empty_space_inner\">\n\t\t\t<span class=\"empty_space_image\"><\/span>\n\t\t<\/span><\/div>\n\n\n\t<div class=\"wpb_text_column wpb_content_element\">\n\t\t<div class=\"wpb_wrapper\">\n\t\t\t<h2 style=\"text-align: center;\">Krankheiten und Beschwerden<\/h2>\n\n\t\t<\/div> \n\t<\/div> \t<div class=\"vc_empty_space  empty-40\" style=\"height: 40px\"><span class=\"vc_empty_space_inner\">\n\t\t\t<span class=\"empty_space_image\"><\/span>\n\t\t<\/span><\/div>\n\n\n\t<div class=\"wpb_text_column wpb_content_element\">\n\t\t<div class=\"wpb_wrapper\">\n\t\t\t<p style=\"text-align: center;\">Spezialisiert auf Erkrankungen des rheumatischen Formenkreises und deren Behandlung<\/p>\n\n\t\t<\/div> \n\t<\/div> \t<div class=\"vc_empty_space  empty-40\" style=\"height: 40px\"><span class=\"vc_empty_space_inner\">\n\t\t\t<span class=\"empty_space_image\"><\/span>\n\t\t<\/span><\/div>\n\n<div id=\"mpc_tabs-1369f088358ed9f\" class=\"mpc-tabs mpc-init mpc-transition mpc-tabs--left mpc-tabs--decor-line\" data-active=\"1\"><div class=\"mpc-tabs__nav mpc-align--top\"><ul><li class=\"mpc-tabs__nav-item mpc-parent-hover mpc-active\" data-tab_id=\"ubernachtung-tabf872-a722\"><div data-id=\"mpc_button-6269f088358ef80\" class=\"mpc-button mpc-init mpc-transition mpc-typography--preset_4\"><div class=\"mpc-button__content mpc-effect-type--none mpc-effect-side--none\"><span class=\"mpc-button__title mpc-transition\">Entz&uuml;ndlich-rheumatische<br>\nErkrankungen<\/span><\/div><div class=\"mpc-button__background mpc-transition mpc-effect-type--slide mpc-effect-side--top\"><\/div><\/div><\/li><li class=\"mpc-tabs__nav-item mpc-parent-hover\" data-tab_id=\"parkplaetze-tabf872-a722\"><div data-id=\"mpc_button-3369f088358f1f0\" class=\"mpc-button mpc-init mpc-transition mpc-typography--preset_4\"><div class=\"mpc-button__content mpc-effect-type--none mpc-effect-side--none\"><span class=\"mpc-button__title mpc-transition\">Degenerative Gelenk-<br>\nund Wirbels&auml;ulenerkrankungen<\/span><\/div><div class=\"mpc-button__background mpc-transition mpc-effect-type--slide mpc-effect-side--top\"><\/div><\/div><\/li><li class=\"mpc-tabs__nav-item mpc-parent-hover\" data-tab_id=\"BESUCHERZEITENf872-a722\"><div data-id=\"mpc_button-3869f088358f420\" class=\"mpc-button mpc-init mpc-transition mpc-typography--preset_4\"><div class=\"mpc-button__content mpc-effect-type--none mpc-effect-side--none\"><span class=\"mpc-button__title mpc-transition\">Weichteilrheumatische<br>\nErkrankungen<\/span><\/div><div class=\"mpc-button__background mpc-transition mpc-effect-type--slide mpc-effect-side--top\"><\/div><\/div><\/li><li class=\"mpc-tabs__nav-item mpc-parent-hover\" data-tab_id=\"BESUCHERKNIGGEf872-a722\"><div data-id=\"mpc_button-8169f088358f60b\" class=\"mpc-button mpc-init mpc-transition mpc-typography--preset_4\"><div class=\"mpc-button__content mpc-effect-type--none mpc-effect-side--none\"><span class=\"mpc-button__title mpc-transition\">Stoffwechselerkrankungen mit<br>\nrheumatischen Beschwerden<\/span><\/div><div class=\"mpc-button__background mpc-transition mpc-effect-type--slide mpc-effect-side--top\"><\/div><\/div><\/li><\/ul><\/div><div class=\"mpc-tabs__content mpc-transition mpc-typography--default\"><div class=\"mpc-tab mpc-container mpc-transition\" id=\"ubernachtung-tabf872-a722\" data-active=\"true\"><div class=\"mpc-tab__content\">\n\t<div class=\"wpb_text_column wpb_content_element\">\n\t\t<div class=\"wpb_wrapper\">\n\t\t\t<p class=\"p1\">Entz\u00fcndlich-rheumatische Erkrankungen sind oft langwierige Krankheiten, die das Immunsystem betreffen.\n\nWir behandeln unter anderem folgende Erkrankungen:<\/p>\n<p>&nbsp;<\/p>\n<ul class=\"ul1\">\n<li class=\"li2\"><a href=\"https:\/\/rheumazentrum-mittelhessen.de\/el_el\/beschwerde-und-krankheitsbilder\/rheumatoide-arthritis\/\">Rheumatoide Arthritis<\/a><\/li>\n<li class=\"li2\"><a href=\"https:\/\/rheumazentrum-mittelhessen.de\/el_el\/beschwerde-und-krankheitsbilder\/morbus-bechterew\/\">Morbus Bechterew<\/a><\/li>\n<li class=\"li2\"><a href=\"https:\/\/rheumazentrum-mittelhessen.de\/el_el\/beschwerde-und-krankheitsbilder\/psoriasis-arthritis\/\">Psoriasis-Arthritis<\/a><\/li>\n<li class=\"li2\"><a href=\"https:\/\/rheumazentrum-mittelhessen.de\/el_el\/beschwerde-und-krankheitsbilder\/polymyalgie-rheumatica\/\">Polymyalgia rheumatica<\/a><\/li>\n<li class=\"li2\"><a href=\"https:\/\/rheumazentrum-mittelhessen.de\/el_el\/beschwerde-und-krankheitsbilder\/kollagenosen\/\">Kollagenosen<\/a> (Bindegewebserkrankungen) wie der Systemische Lupus erythematodes oder die Polymyositis<\/li>\n<li class=\"li2\">Vaskulitiden (Gef&auml;&szlig;entz&uuml;ndungen)<\/li>\n<\/ul>\n\n\t\t<\/div> \n\t<\/div> <\/div><\/div><div class=\"mpc-tab mpc-container mpc-transition\" id=\"parkplaetze-tabf872-a722\" data-active=\"false\"><div class=\"mpc-tab__content\">\n\t<div class=\"wpb_text_column wpb_content_element\">\n\t\t<div class=\"wpb_wrapper\">\n\t\t\t<p class=\"p1\">Bei Gelenk- und Wirbels\u00e4ulenerkrankungen ist oft der Gelenkknorpel besch\u00e4digt. Wir behandeln unter anderem:<\/p>\n<p>&nbsp;<\/p>\n<ul class=\"ul1\">\n<li class=\"li2\"><a href=\"https:\/\/rheumazentrum-mittelhessen.de\/el_el\/beschwerde-und-krankheitsbilder\/osteoporose\/\">Osteoporose<\/a> (Knochenmasseabbau)<\/li>\n<li class=\"li2\"><a href=\"https:\/\/rheumazentrum-mittelhessen.de\/el_el\/beschwerde-und-krankheitsbilder\/spinalkanalstenose\/\">Spinalkanalstenosen<\/a> (Wirbelkanalverengung)<\/li>\n<li class=\"li2\">Spondylarthrosen (Arthrosen der kleinen Wirbelgelenke)<\/li>\n<li class=\"li2\"><a href=\"https:\/\/rheumazentrum-mittelhessen.de\/el_el\/beschwerde-und-krankheitsbilder\/spondylose-osteochondrose\/\">Spondylose<\/a>\/ <a href=\"https:\/\/rheumazentrum-mittelhessen.de\/el_el\/beschwerde-und-krankheitsbilder\/spondylose-osteochondrose\/\">Osteochondrose<\/a> (Verschlei&szlig; der Bandscheiben und Wirbelk&ouml;rper)<\/li>\n<li class=\"li2\"><a href=\"https:\/\/rheumazentrum-mittelhessen.de\/el_el\/beschwerde-und-krankheitsbilder\/knie-und-hueftarthrosen\/\">Knie- und H&uuml;ftarthrosen<\/a> (Knorpelverschlei&szlig;)<\/li>\n<\/ul>\n\n\t\t<\/div> \n\t<\/div> <\/div><\/div><div class=\"mpc-tab mpc-container mpc-transition\" id=\"BESUCHERZEITENf872-a722\" data-active=\"false\"><div class=\"mpc-tab__content\">\n\t<div class=\"wpb_text_column wpb_content_element\">\n\t\t<div class=\"wpb_wrapper\">\n\t\t\t<p class=\"p1\">Manchmal sind nicht die Gelenke das Problem. Wenn Sehnen, B\u00e4nder, Muskeln oder anderes Gewebe erkrankt sind, nennt man das Weichteilrheuma. Wir behandeln diese Krankheiten seit vielen Jahren. Unsere Erfahrung umfasst unter anderem:<\/p>\n<p>&nbsp;<\/p>\n<ul class=\"ul1\">\n<li class=\"li2\">Fibromyalgie<\/li>\n<\/ul>\n\n\t\t<\/div> \n\t<\/div> <\/div><\/div><div class=\"mpc-tab mpc-container mpc-transition\" id=\"BESUCHERKNIGGEf872-a722\" data-active=\"false\"><div class=\"mpc-tab__content\">\n\t<div class=\"wpb_text_column wpb_content_element\">\n\t\t<div class=\"wpb_wrapper\">\n\t\t\t<p class=\"p1\">Viele Stoffwechselerkrankungen verursachen rheumatische Beschwerden. Diese Beschwerden entstehen durch Probleme im Stoffwechsel. Wir behandeln unter anderem:<\/p>\n<p>&nbsp;<\/p>\n<ul class=\"ul1\">\n<li class=\"li2\"><a href=\"https:\/\/rheumazentrum-mittelhessen.de\/el_el\/beschwerde-und-krankheitsbilder\/arthritis-urica-uricopathie-gicht\/\">Gicht<\/a><\/li>\n<li class=\"li2\"><a href=\"https:\/\/rheumazentrum-mittelhessen.de\/el_el\/beschwerde-und-krankheitsbilder\/osteoporose\/\">Osteoporose<\/a> (Knochenmasseabbau)<\/li>\n<\/ul>\n\n\t\t<\/div> \n\t<\/div> <\/div><\/div><\/div><\/div>\t<div class=\"vc_empty_space  empty-80\" style=\"height: 80px\"><span class=\"vc_empty_space_inner\">\n\t\t\t<span class=\"empty_space_image\"><\/span>\n\t\t<\/span><\/div>\n\n<\/div><\/div><\/div><\/div><\/div><\/div><div class=\"vc_row wpb_row section vc_row-fluid mpc-row\" style=\" text-align:left;\"><div class=\"full_section_inner clearfix\"><div class=\"wpb_column vc_column_container vc_col-sm-12 mpc-column\" data-column-id=\"mpc_column-6969f0883590b30\"><div class=\"vc_column-inner\"><div class=\"wpb_wrapper\">\t<div class=\"vc_empty_space  empty-120\" style=\"height: 120px\"><span class=\"vc_empty_space_inner\">\n\t\t\t<span class=\"empty_space_image\"><\/span>\n\t\t<\/span><\/div>\n\n<\/div><\/div><\/div><\/div><\/div><div class=\"vc_row wpb_row section vc_row-fluid  module31 start31  grid_section mpc-row\" style=\" text-align:left;\"><div class=\"section_inner clearfix\"><div class=\"section_inner_margin clearfix\"><div class=\"wpb_column vc_column_container vc_col-sm-6 vc_col-has-fill mpc-column\" data-column-id=\"mpc_column-2169f0883591714\"><div class=\"vc_column-inner vc_custom_1702385475988\"><div class=\"wpb_wrapper\">\t<div class=\"vc_empty_space  empty-80\" style=\"height: 80px\"><span class=\"vc_empty_space_inner\">\n\t\t\t<span class=\"empty_space_image\"><\/span>\n\t\t<\/span><\/div>\n\n\n\t<div class=\"wpb_text_column wpb_content_element\">\n\t\t<div class=\"wpb_wrapper\">\n\t\t\t<h3 class=\"module13-title\" style=\"text-align: center;\"><span style=\"color: #e40043;\">Zu den Beschwerde-<br>\nund Krankheitsbildern<\/span><\/h3>\n\n\t\t<\/div> \n\t<\/div> \t<div class=\"vc_empty_space  empty-40\" style=\"height: 40px\"><span class=\"vc_empty_space_inner\">\n\t\t\t<span class=\"empty_space_image\"><\/span>\n\t\t<\/span><\/div>\n\n<a href=\"https:\/\/rheumazentrum-mittelhessen.de\/el_el\/behandlungsspektrum\/beschwerde-und-krankheitsbilder\/\" title=\"Krankheiten und Beschwerden\" data-id=\"mpc_button-5369f0883591506\" class=\"mpc-button mpc-init mpc-transition module9-btn\"><div class=\"mpc-button__content mpc-effect-type--none mpc-effect-side--none\"><span class=\"mpc-button__title mpc-transition\">Krankheiten und Beschwerden<\/span><\/div><div class=\"mpc-button__background mpc-transition mpc-effect-type--fade mpc-effect-side--in\"><\/div><\/a>\t<div class=\"vc_empty_space  empty-80\" style=\"height: 80px\"><span class=\"vc_empty_space_inner\">\n\t\t\t<span class=\"empty_space_image\"><\/span>\n\t\t<\/span><\/div>\n\n<\/div><\/div><\/div><div class=\"wpb_column vc_column_container vc_col-sm-6 vc_col-has-fill mpc-column\" data-column-id=\"mpc_column-6669f0883591e97\"><div class=\"vc_column-inner vc_custom_1702385481961\"><div class=\"wpb_wrapper\">\t<div class=\"vc_empty_space  empty-80\" style=\"height: 80px\"><span class=\"vc_empty_space_inner\">\n\t\t\t<span class=\"empty_space_image\"><\/span>\n\t\t<\/span><\/div>\n\n\n\t<div class=\"wpb_text_column wpb_content_element\">\n\t\t<div class=\"wpb_wrapper\">\n\t\t\t<h3 class=\"module13-title\" style=\"text-align: center;\"><span style=\"color: #e40043;\">Downloadbereich f&uuml;r<br>\nZuweiser*innen<\/span><\/h3>\n<p>&nbsp;<\/p>\n<h4 style=\"text-align: center;\">Formulare, Antr&auml;ge und mehr.<\/h4>\n\n\t\t<\/div> \n\t<\/div> \t<div class=\"vc_empty_space  empty-40\" style=\"height: 40px\"><span class=\"vc_empty_space_inner\">\n\t\t\t<span class=\"empty_space_image\"><\/span>\n\t\t<\/span><\/div>\n\n<a href=\"https:\/\/rheumazentrum-mittelhessen.de\/el_el\/zuweiser-und-partner\/downloadbereich-fuer-zuweiserinnen\/\" title=\"Downloadbereich f&uuml;r Zuweiser*innen\" data-id=\"mpc_button-9369f0883591c60\" class=\"mpc-button mpc-init mpc-transition module9-btn\"><div class=\"mpc-button__content mpc-effect-type--none mpc-effect-side--none\"><span class=\"mpc-button__title mpc-transition\">Hier k\u00f6nnen Sie mehr erfahren<\/span><\/div><div class=\"mpc-button__background mpc-transition mpc-effect-type--fade mpc-effect-side--in\"><\/div><\/a>\t<div class=\"vc_empty_space  empty-80\" style=\"height: 80px\"><span class=\"vc_empty_space_inner\">\n\t\t\t<span class=\"empty_space_image\"><\/span>\n\t\t<\/span><\/div>\n\n<\/div><\/div><\/div><\/div><\/div><\/div><div class=\"vc_row wpb_row section vc_row-fluid mpc-row\" style=\" text-align:left;\"><div class=\"full_section_inner clearfix\"><div class=\"wpb_column vc_column_container vc_col-sm-12 mpc-column\" data-column-id=\"mpc_column-3069f0883592770\"><div class=\"vc_column-inner\"><div class=\"wpb_wrapper\">\t<div class=\"vc_empty_space  empty-120\" style=\"height: 120px\"><span class=\"vc_empty_space_inner\">\n\t\t\t<span class=\"empty_space_image\"><\/span>\n\t\t<\/span><\/div>\n\n<\/div><\/div><\/div><\/div><\/div><div class=\"vc_row wpb_row section vc_row-fluid  module31 start31  grid_section mpc-row\" style=\" text-align:left;\"><div class=\"section_inner clearfix\"><div class=\"section_inner_margin clearfix\"><div class=\"wpb_column vc_column_container vc_col-sm-6 vc_col-has-fill mpc-column\" data-column-id=\"mpc_column-6869f088359310f\"><div class=\"vc_column-inner vc_custom_1702385475988\"><div class=\"wpb_wrapper\">\t<div class=\"vc_empty_space  empty-80\" style=\"height: 80px\"><span class=\"vc_empty_space_inner\">\n\t\t\t<span class=\"empty_space_image\"><\/span>\n\t\t<\/span><\/div>\n\n\n\t<div class=\"wpb_text_column wpb_content_element\">\n\t\t<div class=\"wpb_wrapper\">\n\t\t\t<h3 class=\"module13-title\" style=\"text-align: center;\"><span style=\"color: #e40043;\">Anmeldung Ihres Patienten \/ Ihrer Patientin zur station&auml;ren Aufnahme in der Akutklinik des RZMH<\/span><\/h3>\n<p>&nbsp;<\/p>\n\n\t\t<\/div> \n\t<\/div> \t<div class=\"vc_empty_space  empty-40\" style=\"height: 40px\"><span class=\"vc_empty_space_inner\">\n\t\t\t<span class=\"empty_space_image\"><\/span>\n\t\t<\/span><\/div>\n\n<a href=\"https:\/\/rheumazentrum-mittelhessen.de\/el_el\/patient-anmelden\/\" title=\"Krankheiten und Beschwerden\" data-id=\"mpc_button-1669f0883592f29\" class=\"mpc-button mpc-init mpc-transition module9-btn\"><div class=\"mpc-button__content mpc-effect-type--none mpc-effect-side--none\"><span class=\"mpc-button__title mpc-transition\">Patienten anmelden<\/span><\/div><div class=\"mpc-button__background mpc-transition mpc-effect-type--fade mpc-effect-side--in\"><\/div><\/a>\t<div class=\"vc_empty_space  empty-80\" style=\"height: 80px\"><span class=\"vc_empty_space_inner\">\n\t\t\t<span class=\"empty_space_image\"><\/span>\n\t\t<\/span><\/div>\n\n<\/div><\/div><\/div><\/div><\/div><\/div><div class=\"vc_row wpb_row section vc_row-fluid mpc-row\" style=\" text-align:left;\"><div class=\"full_section_inner clearfix\"><div class=\"wpb_column vc_column_container vc_col-sm-12 mpc-column\" data-column-id=\"mpc_column-7269f088359381a\"><div class=\"vc_column-inner\"><div class=\"wpb_wrapper\">\t<div class=\"vc_empty_space  empty-120\" style=\"height: 120px\"><span class=\"vc_empty_space_inner\">\n\t\t\t<span class=\"empty_space_image\"><\/span>\n\t\t<\/span><\/div>\n\n<\/div><\/div><\/div><\/div><\/div><div class=\"vc_row wpb_row section vc_row-fluid  module4  grid_section mpc-row\" style=\" text-align:left;\"><div class=\"section_inner clearfix\"><div class=\"section_inner_margin clearfix\"><div class=\"wpb_column vc_column_container vc_col-sm-6 mpc-column\" data-column-id=\"mpc_column-10069f0883594d64\"><div class=\"vc_column-inner\"><div class=\"wpb_wrapper\">\n\t<div class=\"wpb_single_image wpb_content_element vc_align_center\">\n\t\t<div class=\"wpb_wrapper\">\n\t\t\t\n\t\t\t<div class=\"vc_single_image-wrapper   vc_box_border_grey\"><img loading=\"lazy\" decoding=\"async\" width=\"700\" height=\"700\" src=\"https:\/\/rheumazentrum-mittelhessen.de\/wp-content\/uploads\/2023\/12\/Die-Vorteile-des-pflegerischen-Dienstes-im-RZMH.jpg\" class=\"vc_single_image-img attachment-full\" alt=\"\" srcset=\"https:\/\/rheumazentrum-mittelhessen.de\/wp-content\/uploads\/2023\/12\/Die-Vorteile-des-pflegerischen-Dienstes-im-RZMH.jpg 700w, https:\/\/rheumazentrum-mittelhessen.de\/wp-content\/uploads\/2023\/12\/Die-Vorteile-des-pflegerischen-Dienstes-im-RZMH-300x300.jpg 300w, https:\/\/rheumazentrum-mittelhessen.de\/wp-content\/uploads\/2023\/12\/Die-Vorteile-des-pflegerischen-Dienstes-im-RZMH-150x150.jpg 150w, https:\/\/rheumazentrum-mittelhessen.de\/wp-content\/uploads\/2023\/12\/Die-Vorteile-des-pflegerischen-Dienstes-im-RZMH-570x570.jpg 570w, https:\/\/rheumazentrum-mittelhessen.de\/wp-content\/uploads\/2023\/12\/Die-Vorteile-des-pflegerischen-Dienstes-im-RZMH-500x500.jpg 500w\" sizes=\"auto, (max-width: 700px) 100vw, 700px\"><\/div>\n\t\t<\/div>\n\t<\/div>\n\t<div class=\"vc_empty_space  empty-20 hide-on-desktop\" style=\"height: 20px\"><span class=\"vc_empty_space_inner\">\n\t\t\t<span class=\"empty_space_image\"><\/span>\n\t\t<\/span><\/div>\n\n<\/div><\/div><\/div><div class=\"wpb_column vc_column_container vc_col-sm-6 mpc-column\" data-column-id=\"mpc_column-3769f088359527b\"><div class=\"vc_column-inner\"><div class=\"wpb_wrapper\">\n\t<div class=\"wpb_text_column wpb_content_element\">\n\t\t<div class=\"wpb_wrapper\">\n\t\t\t<h3 class=\"mod4-h3\"><strong><span style=\"color: #e40043; font-weight: bold; font-family: Vollkorn;\">Das macht uns aus<\/span><\/strong><\/h3>\n<p>&nbsp;<\/p>\n<ul>\n<li class=\"mod4-li\">\n<p class=\"mod4-li2\"><span style=\"font-weight: bold;\">Eine der f&uuml;hrenden Fachkliniken f&uuml;r Rheumatologie<\/span><\/p>\n<p class=\"mod4-li2\">&nbsp;Wir sind eine der f&uuml;hrenden Kliniken f&uuml;r Rheumatologie in Deutschland &ndash; und die einzige Fachklinik in Hessen, die sich auf dieses Fachgebiet spezialisiert hat. Dank unserer stetig wachsenden Expertise und unserem &uuml;berdurchschnittlich hohen Anteil an Fach&auml;rzten sind Ihre Patientinnen und Patienten bei uns in besten H&auml;nden.<\/p>\n<\/li>\n<li class=\"mod4-li\">\n<p class=\"mod4-li2\"><span style=\"font-weight: bold;\">Individuelle und ganzheitliche Therapiekonzepte<\/span><\/p>\n<p class=\"mod4-li2\">Unsere Rheumatologen bedienen sich aus einem breiten Spektrum an multimodalen Therapiem&ouml;glichkeiten, um jedem einzelnen Patienten ein differenziertes, speziell auf die eigenen Bed&uuml;rfnisse zugeschnittenes Behandlungskonzept zu entwickeln.<\/p>\n<\/li>\n<li class=\"mod4-li\">\n<p class=\"mod4-li2\"><span style=\"font-weight: bold;\">Vertrauensvolle Zusammenarbeit mit zuweisenden Kollegen<\/span><\/p>\n<p class=\"mod4-li2\">Gro&szlig;en Wert legen wir auf ein partnerschaftliches Verh&auml;ltnis zu unseren zuweisenden Kolleginnen und Kollegen. Wir wissen um Ihren Zeitmangel und m&ouml;chten Ihnen die Zuweisung und die Zusammenarbeit mit uns so einfach wie m&ouml;glich machen. Wir sind der zuverl&auml;ssige und schnell erreichbare Partner, auf den Sie sich verlassen k&ouml;nnen!<\/p>\n<\/li>\n<\/ul>\n\n\t\t<\/div> \n\t<\/div> <\/div><\/div><\/div><\/div><\/div><\/div><div class=\"vc_row wpb_row section vc_row-fluid   grid_section mpc-row\" style=\" text-align:left;\"><div class=\"section_inner clearfix\"><div class=\"section_inner_margin clearfix\"><div class=\"wpb_column vc_column_container vc_col-sm-12 mpc-column\" data-column-id=\"mpc_column-3569f0883595d4b\"><div class=\"vc_column-inner\"><div class=\"wpb_wrapper\">\t<div class=\"vc_empty_space  empty-120\" style=\"height: 120px\"><span class=\"vc_empty_space_inner\">\n\t\t\t<span class=\"empty_space_image\"><\/span>\n\t\t<\/span><\/div>\n\n\n\t<div class=\"wpb_text_column wpb_content_element\">\n\t\t<div class=\"wpb_wrapper\">\n\t\t\t<h2 style=\"text-align: center;\">Auszeichnungen unserer Klinik<\/h2>\n\n\t\t<\/div> \n\t<\/div> \t<div class=\"vc_empty_space  empty-80\" style=\"height: 80px\"><span class=\"vc_empty_space_inner\">\n\t\t\t<span class=\"empty_space_image\"><\/span>\n\t\t<\/span><\/div>\n\n<\/div><\/div><\/div><\/div><\/div><\/div><div class=\"vc_row wpb_row section vc_row-fluid mpc-row\" style=\"background-color:#e50043; text-align:left;\"><div class=\"full_section_inner clearfix\"><div class=\"wpb_column vc_column_container vc_col-sm-12 mpc-column\" data-column-id=\"mpc_column-3469f0883598361\"><div class=\"vc_column-inner\"><div class=\"wpb_wrapper\">\t<div class=\"vc_empty_space  empty-80\" style=\"height: 80px\"><span class=\"vc_empty_space_inner\">\n\t\t\t<span class=\"empty_space_image\"><\/span>\n\t\t<\/span><\/div>\n\n<div class=\"vc_row wpb_row section vc_row-fluid vc_inner  vc_custom_1694775188428  grid_section mpc-row\" style=\" text-align:left;\"><div class=\"section_inner clearfix\"><div class=\"section_inner_margin clearfix\"><div class=\"wpb_column vc_column_container vc_col-sm-4 mpc-column\" data-column-id=\"mpc_column-9269f088359684f\"><div class=\"vc_column-inner vc_custom_1694775335510\"><div class=\"wpb_wrapper\">\n\t<div class=\"wpb_text_column wpb_content_element\">\n\t\t<div class=\"wpb_wrapper\">\n\t\t\t<p>&nbsp;<\/p>\n<p style=\"text-align: center;\"><span style=\"color: #ffffff;\"><a style=\"color: #ffffff;\" href=\"https:\/\/www.klinikkompass.com\/kliniken-fuer-rheumatologie\/\">&raquo;Top Kliniken f&uuml;r Rheumatologie&laquo; (Klinik Kompass)<\/a><\/span><\/p>\n<p>&nbsp;<\/p>\n\n\t\t<\/div> \n\t<\/div> <\/div><\/div><\/div><div class=\"wpb_column vc_column_container vc_col-sm-4 mpc-column\" data-column-id=\"mpc_column-9269f0883596bd3\"><div class=\"vc_column-inner vc_custom_1694775179541\"><div class=\"wpb_wrapper\">\n\t<div class=\"wpb_text_column wpb_content_element\">\n\t\t<div class=\"wpb_wrapper\">\n\t\t\t<p>&nbsp;<\/p>\n<p style=\"text-align: center;\"><span style=\"color: #ffffff;\"><a style=\"color: #ffffff;\" href=\"https:\/\/klinikradar.de\/rheumatologische-komplexbehandlung\/kliniken\/hessen\/\">&raquo;Kliniken f&uuml;r rheumatologische Komplexbehandlung in Hessen&laquo; (Klinik Radar) <\/a><\/span><\/p>\n<p>&nbsp;<\/p>\n\n\t\t<\/div> \n\t<\/div> <\/div><\/div><\/div><div class=\"wpb_column vc_column_container vc_col-sm-4 mpc-column\" data-column-id=\"mpc_column-4469f0883597d26\"><div class=\"vc_column-inner\"><div class=\"wpb_wrapper\">\t<div class=\"vc_empty_space  empty-20\" style=\"height: 20px\"><span class=\"vc_empty_space_inner\">\n\t\t\t<span class=\"empty_space_image\"><\/span>\n\t\t<\/span><\/div>\n\n\n\t<div class=\"wpb_single_image wpb_content_element vc_align_center\">\n\t\t<div class=\"wpb_wrapper\">\n\t\t\t\n\t\t\t<a href=\"https:\/\/www.kununu.com\/de\/rheumazentrum-mittelhessen\" target=\"_blank\"><div class=\"vc_single_image-wrapper   vc_box_border_grey\"><img loading=\"lazy\" decoding=\"async\" width=\"340\" height=\"112\" src=\"https:\/\/rheumazentrum-mittelhessen.de\/wp-content\/uploads\/2023\/09\/rzmh_kununu_score.png\" class=\"vc_single_image-img attachment-full\" alt=\"\" srcset=\"https:\/\/rheumazentrum-mittelhessen.de\/wp-content\/uploads\/2023\/09\/rzmh_kununu_score.png 340w, https:\/\/rheumazentrum-mittelhessen.de\/wp-content\/uploads\/2023\/09\/rzmh_kununu_score-300x99.png 300w\" sizes=\"auto, (max-width: 340px) 100vw, 340px\"><\/div><\/a>\n\t\t<\/div>\n\t<\/div>\n\t<div class=\"vc_empty_space  empty-20 hide-on-desktop\" style=\"height: 20px\"><span class=\"vc_empty_space_inner\">\n\t\t\t<span class=\"empty_space_image\"><\/span>\n\t\t<\/span><\/div>\n\n<\/div><\/div><\/div><\/div><\/div><\/div>\t<div class=\"vc_empty_space  empty-80\" style=\"height: 80px\"><span class=\"vc_empty_space_inner\">\n\t\t\t<span class=\"empty_space_image\"><\/span>\n\t\t<\/span><\/div>\n\n<\/div><\/div><\/div><\/div><\/div><div class=\"vc_row wpb_row section vc_row-fluid mpc-row\" style=\" text-align:left;\"><div class=\"full_section_inner clearfix\"><div class=\"wpb_column vc_column_container vc_col-sm-12 mpc-column\" data-column-id=\"mpc_column-969f0883598d20\"><div class=\"vc_column-inner\"><div class=\"wpb_wrapper\">\t<div class=\"vc_empty_space  empty-120\" style=\"height: 120px\"><span class=\"vc_empty_space_inner\">\n\t\t\t<span class=\"empty_space_image\"><\/span>\n\t\t<\/span><\/div>\n\n<\/div><\/div><\/div><\/div><\/div><div class=\"vc_row wpb_row section vc_row-fluid  module16  grid_section mpc-row\" style=\" text-align:left;\"><div class=\"section_inner clearfix\"><div class=\"section_inner_margin clearfix\"><div class=\"wpb_column vc_column_container vc_col-sm-12 mpc-column\" data-column-id=\"mpc_column-169f088359b000\"><div class=\"vc_column-inner\"><div class=\"wpb_wrapper\">\t<div class=\"vc_empty_space  empty-80\" style=\"height: 80px\"><span class=\"vc_empty_space_inner\">\n\t\t\t<span class=\"empty_space_image\"><\/span>\n\t\t<\/span><\/div>\n\n\n\t<div class=\"wpb_text_column wpb_content_element\">\n\t\t<div class=\"wpb_wrapper\">\n\t\t\t<h2 style=\"text-align: center;\">Medizinische Partner unserer Klinik (Auswahl)<\/h2>\n\n\t\t<\/div> \n\t<\/div> \t<div class=\"vc_empty_space  empty-40\" style=\"height: 40px\"><span class=\"vc_empty_space_inner\">\n\t\t\t<span class=\"empty_space_image\"><\/span>\n\t\t<\/span><\/div>\n\n<div class=\"vc_row wpb_row section vc_row-fluid vc_inner  module16-logos-container  grid_section mpc-row\" style=\" text-align:left;\"><div class=\"section_inner clearfix\"><div class=\"section_inner_margin clearfix\"><div class=\"wpb_column vc_column_container vc_col-sm-3 mpc-column\" data-column-id=\"mpc_column-3469f0883599b20\"><div class=\"vc_column-inner\"><div class=\"wpb_wrapper\">\n\t<div class=\"wpb_text_column wpb_content_element\">\n\t\t<div class=\"wpb_wrapper\">\n\t\t\t<p><a role=\"link\" href=\"http:\/\/www.kuhn-wsc.de\/\" data-raofz=\"16\"> <img decoding=\"async\" class=\"mod16-img\" src=\"https:\/\/rheumazentrum-mittelhessen.de\/wp-content\/uploads\/2025\/07\/2024-05_WSC-GI_Logo-1.png\" alt=\"Kuhn-wsc\"><\/a><\/p>\n\n\t\t<\/div> \n\t<\/div> \t<div class=\"vc_empty_space  empty-40 hide-on-desktop\" style=\"height: 40px\"><span class=\"vc_empty_space_inner\">\n\t\t\t<span class=\"empty_space_image\"><\/span>\n\t\t<\/span><\/div>\n\n<\/div><\/div><\/div><div class=\"wpb_column vc_column_container vc_col-sm-3 mpc-column\" data-column-id=\"mpc_column-7769f0883599ff1\"><div class=\"vc_column-inner\"><div class=\"wpb_wrapper\">\t<div class=\"vc_empty_space  empty-40 hide-on-desktop\" style=\"height: 40px\"><span class=\"vc_empty_space_inner\">\n\t\t\t<span class=\"empty_space_image\"><\/span>\n\t\t<\/span><\/div>\n\n\n\t<div class=\"wpb_text_column wpb_content_element\">\n\t\t<div class=\"wpb_wrapper\">\n\t\t\t<p><a role=\"link\" href=\"https:\/\/www.lahn-dill-kliniken.de\/\" data-raofz=\"16\"> <img decoding=\"async\" class=\"mod16-img\" src=\"https:\/\/rheumazentrum-mittelhessen.de\/wp-content\/uploads\/2022\/10\/logo-partner-2.png\" alt=\"Logo Partner \"><\/a><\/p>\n\n\t\t<\/div> \n\t<\/div> \t<div class=\"vc_empty_space  empty-40 hide-on-desktop\" style=\"height: 40px\"><span class=\"vc_empty_space_inner\">\n\t\t\t<span class=\"empty_space_image\"><\/span>\n\t\t<\/span><\/div>\n\n<\/div><\/div><\/div><div class=\"wpb_column vc_column_container vc_col-sm-3 mpc-column\" data-column-id=\"mpc_column-9669f088359a483\"><div class=\"vc_column-inner\"><div class=\"wpb_wrapper\">\t<div class=\"vc_empty_space  empty-40 hide-on-desktop\" style=\"height: 40px\"><span class=\"vc_empty_space_inner\">\n\t\t\t<span class=\"empty_space_image\"><\/span>\n\t\t<\/span><\/div>\n\n\n\t<div class=\"wpb_text_column wpb_content_element\">\n\t\t<div class=\"wpb_wrapper\">\n\t\t\t<p><a role=\"link\" href=\"http:\/\/www.wsz-marburg.de\/\" data-raofz=\"16\"> <img decoding=\"async\" class=\"mod16-img\" src=\"https:\/\/rheumazentrum-mittelhessen.de\/wp-content\/uploads\/2022\/10\/logo-partner-3.png\" alt=\"Logo Partner \"><\/a><\/p>\n\n\t\t<\/div> \n\t<\/div> \t<div class=\"vc_empty_space  empty-40 hide-on-desktop\" style=\"height: 40px\"><span class=\"vc_empty_space_inner\">\n\t\t\t<span class=\"empty_space_image\"><\/span>\n\t\t<\/span><\/div>\n\n<\/div><\/div><\/div><div class=\"wpb_column vc_column_container vc_col-sm-3 mpc-column\" data-column-id=\"mpc_column-1569f088359a85e\"><div class=\"vc_column-inner\"><div class=\"wpb_wrapper\">\t<div class=\"vc_empty_space  empty-40 hide-on-desktop\" style=\"height: 40px\"><span class=\"vc_empty_space_inner\">\n\t\t\t<span class=\"empty_space_image\"><\/span>\n\t\t<\/span><\/div>\n\n\n\t<div class=\"wpb_text_column wpb_content_element\">\n\t\t<div class=\"wpb_wrapper\">\n\t\t\t<p><a role=\"link\" href=\"http:\/\/www.ukgm.de\/ugm_2\/deu\/umr_ort\/index.html\" data-raofz=\"16\"> <img decoding=\"async\" class=\"mod16-img\" src=\"https:\/\/rheumazentrum-mittelhessen.de\/wp-content\/uploads\/2022\/10\/logo-partner-4.png\" alt=\"Logo Partner \"><\/a><\/p>\n\n\t\t<\/div> \n\t<\/div> <\/div><\/div><\/div><\/div><\/div><\/div>\t<div class=\"vc_empty_space  empty-80\" style=\"height: 80px\"><span class=\"vc_empty_space_inner\">\n\t\t\t<span class=\"empty_space_image\"><\/span>\n\t\t<\/span><\/div>\n\n<\/div><\/div><\/div><\/div><\/div><\/div><div class=\"vc_row wpb_row section vc_row-fluid mpc-row\" style=\" text-align:left;\"><div class=\"full_section_inner clearfix\"><div class=\"wpb_column vc_column_container vc_col-sm-12 mpc-column\" data-column-id=\"mpc_column-969f088359bb20\"><div class=\"vc_column-inner\"><div class=\"wpb_wrapper\">\t<div class=\"vc_empty_space  empty-120\" style=\"height: 120px\"><span class=\"vc_empty_space_inner\">\n\t\t\t<span class=\"empty_space_image\"><\/span>\n\t\t<\/span><\/div>\n\n<\/div><\/div><\/div><\/div><\/div><div id=\"module7-linking\" class=\"vc_row wpb_row section vc_row-fluid  module7 mpc-row\" style=\" text-align:left;\"><div class=\"full_section_inner clearfix\"><div class=\"wpb_column vc_column_container vc_col-sm-12 mpc-column\" data-column-id=\"mpc_column-8069f088359e3ef\"><div class=\"vc_column-inner\"><div class=\"wpb_wrapper\">\n\t<div class=\"wpb_text_column wpb_content_element\">\n\t\t<div class=\"wpb_wrapper\">\n\t\t\t<h2 class=\"\" style=\"text-align: center;\">Verschiedene Behandlungsm\u00f6glichkeiten<\/h2>\n\n\t\t<\/div> \n\t<\/div> \t<div class=\"vc_empty_space  empty-80\" style=\"height: 80px\"><span class=\"vc_empty_space_inner\">\n\t\t\t<span class=\"empty_space_image\"><\/span>\n\t\t<\/span><\/div>\n\n<div class=\"vc_row wpb_row section vc_row-fluid vc_inner  module7-inner  grid_section mpc-row\" style=\" text-align:left;\"><div class=\"section_inner clearfix\"><div class=\"section_inner_margin clearfix\"><div class=\"module7-p1 module7-p mouse-pointer wpb_column vc_column_container vc_col-sm-6 mpc-column\" id=\"krankheitsbilder\" data-column-id=\"mpc_column-8069f088359caae\"><div class=\"vc_column-inner\"><div class=\"wpb_wrapper\">\n\t<div class=\"wpb_text_column wpb_content_element  module7-text vc_custom_1713531449123\">\n\t\t<div class=\"wpb_wrapper\">\n\t\t\t<h3 class=\"module7-title\">Krankheiten und Beschwerden<\/h3>\n<p class=\"module7-text\">Wir k\u00fcmmern uns um rheumatische Krankheiten.\nDazu geh\u00f6ren entz\u00fcndliches Rheuma, Verschlei\u00df an Gelenken und Wirbels\u00e4ule sowie Stoffwechselprobleme, die rheumatische Schmerzen ausl\u00f6sen.<\/p>\n<p>&nbsp;<\/p>\n<p>&nbsp;<\/p>\n<p>&nbsp;<\/p>\n\n\t\t<\/div> \n\t<\/div> <a href=\"https:\/\/rheumazentrum-mittelhessen.de\/el_el\/behandlungsspektrum\/beschwerde-und-krankheitsbilder\/\" title=\"Krankheiten und Beschwerden\" data-id=\"mpc_button-9969f088359c98a\" class=\"mpc-button mpc-init mpc-transition module7-btn\"><div class=\"mpc-button__content mpc-effect-type--stay mpc-effect-side--left\"><i class=\"mpc-button__icon mpc-transition  fa fa-angle-right\"><\/i><\/div><div class=\"mpc-button__background mpc-transition mpc-effect-type--fade mpc-effect-side--in\"><\/div><\/a><\/div><\/div><\/div><div class=\"module7-p2 module7-p mouse-pointer wpb_column vc_column_container vc_col-sm-6 mpc-column\" id=\"diagnose\" data-column-id=\"mpc_column-5769f088359cf15\"><div class=\"vc_column-inner\"><div class=\"wpb_wrapper\">\n\t<div class=\"wpb_text_column wpb_content_element  module7-text vc_custom_1713531461143\">\n\t\t<div class=\"wpb_wrapper\">\n\t\t\t<h3 class=\"module7-title\">M\u00f6glichkeiten zur Untersuchung<\/h3>\n<p class=\"module7-text\">Im Rheumazentrum Mittelhessen setzen wir neue medizinische Methoden und das Wissen unserer Fachleute ein. So stellen wir genaue Diagnosen und erstellen individuelle Behandlungspl\u00e4ne.<\/p>\n<p>&nbsp;<\/p>\n<p>&nbsp;<\/p>\n<p>&nbsp;<\/p>\n\n\t\t<\/div> \n\t<\/div> <a href=\"https:\/\/rheumazentrum-mittelhessen.de\/el_el\/behandlungsspektrum\/diagnosemoeglichkeiten\/\" title=\"Diagnosem&ouml;glichkeiten\" data-id=\"mpc_button-5269f088359ce0c\" class=\"mpc-button mpc-init mpc-transition module7-btn\"><div class=\"mpc-button__content mpc-effect-type--stay mpc-effect-side--left\"><i class=\"mpc-button__icon mpc-transition  fa fa-angle-right\"><\/i><\/div><div class=\"mpc-button__background mpc-transition mpc-effect-type--fade mpc-effect-side--in\"><\/div><\/a><\/div><\/div><\/div><\/div><\/div><\/div><div class=\"vc_row wpb_row section vc_row-fluid vc_inner  module7-inner  grid_section mpc-row\" style=\" text-align:left;\"><div class=\"section_inner clearfix\"><div class=\"section_inner_margin clearfix\"><div class=\"module7-p3 module7-p mouse-pointer wpb_column vc_column_container vc_col-sm-6 mpc-column\" id=\"therapie\" data-column-id=\"mpc_column-8969f088359d7f9\"><div class=\"vc_column-inner\"><div class=\"wpb_wrapper\">\n\t<div class=\"wpb_text_column wpb_content_element  vc_custom_1713531478328\">\n\t\t<div class=\"wpb_wrapper\">\n\t\t\t<h3 class=\"module7-title\">M\u00f6glichkeiten zur Behandlung<\/h3>\n<p class=\"module7-text\">Wir k\u00fcmmern uns gut um unsere Patienten, sowohl im Krankenhaus als auch au\u00dferhalb. Wir bieten verschiedene Therapien und passen die Behandlung an jeden Einzelnen an. So erreichen wir sehr gute Ergebnisse.<\/p>\n<p>&nbsp;<\/p>\n<p>&nbsp;<\/p>\n<p>&nbsp;<\/p>\n\n\t\t<\/div> \n\t<\/div> <a href=\"https:\/\/rheumazentrum-mittelhessen.de\/el_el\/behandlungsspektrum\/therapiemoeglichkeiten\/\" title=\"Therapiem&ouml;glichkeiten\" data-id=\"mpc_button-969f088359d6e5\" class=\"mpc-button mpc-init mpc-transition module7-btn\"><div class=\"mpc-button__content mpc-effect-type--stay mpc-effect-side--left\"><i class=\"mpc-button__icon mpc-transition  fa fa-angle-right\"><\/i><\/div><div class=\"mpc-button__background mpc-transition mpc-effect-type--fade mpc-effect-side--in\"><\/div><\/a><\/div><\/div><\/div><div class=\"module7-p4 module7-p mouse-pointer wpb_column vc_column_container vc_col-sm-6 mpc-column\" id=\"einrichtungen\" data-column-id=\"mpc_column-6069f088359dc7b\"><div class=\"vc_column-inner\"><div class=\"wpb_wrapper\">\n\t<div class=\"wpb_text_column wpb_content_element  vc_custom_1713531516912\">\n\t\t<div class=\"wpb_wrapper\">\n\t\t\t<h3 class=\"module7-title\">Versorgung durch verschiede Fachbereiche<\/h3>\n<p class=\"module7-text\" style=\"padding-bottom: 15px !important;\">Unsere Patienten erhalten eine durchgehende Behandlung. Sie beginnt mit der Notfallversorgung und ambulanten Diensten. Danach folgt die Langzeitbetreuung und Rehabilitation.<\/p>\n<p>&nbsp;<\/p>\n<p>&nbsp;<\/p>\n<p>&nbsp;<\/p>\n\n\t\t<\/div> \n\t<\/div> <a href=\"https:\/\/rheumazentrum-mittelhessen.de\/el_el\/fuer-patienten\/versorgungsstrukturen-aufnahme\/\" title=\"Ambulante und station&auml;re Einrichtungen\" data-id=\"mpc_button-10069f088359db6f\" class=\"mpc-button mpc-init mpc-transition module7-btn\"><div class=\"mpc-button__content mpc-effect-type--stay mpc-effect-side--left\"><i class=\"mpc-button__icon mpc-transition  fa fa-angle-right\"><\/i><\/div><div class=\"mpc-button__background mpc-transition mpc-effect-type--fade mpc-effect-side--in\"><\/div><\/a><\/div><\/div><\/div><\/div><\/div><\/div>\n\t<div class=\"wpb_raw_code wpb_raw_js\">\n\t\t<div class=\"wpb_wrapper\">\n\t\t\t<script>\nconst m7sectionsb = document.querySelectorAll(\".module7-p\");\nconst module7b = document.querySelector(\"#module7-linking\");\n\n\/*\nmodule7b.addEventListener(\"click\", (e)=>{ console.log(e.target);\nif(e.target.closest(\"#diagnose\")){\nwindow.location.href=\"https:\/\/clients.first-art.net\/rzmh\/rzmh-copy\/behandlungsspektrum\/diagnosemoeglichkeiten\/\";\n}\nif(e.target.closest(\"#krankheitsbilder\")){\nwindow.location.href=\"https:\/\/clients.first-art.net\/rzmh\/rzmh-copy\/behandlungsspektrum\/beschwerde-und-krankheitsbilder\/\";\n}\nif(e.target.closest(\"#therapie\")){\nwindow.location.href=\"https:\/\/clients.first-art.net\/rzmh\/rzmh-copy\/behandlungsspektrum\/therapiemoeglichkeiten\/\";\n}\nif(e.target.closest(\"#einrichtungen\")){\nwindow.location.href=\"https:\/\/clients.first-art.net\/rzmh\/rzmh-copy\/behandlungsspektrum\/therapiemoeglichkeiten\/\";\n}\n\n})\n*\/\n\n\nconst m7btnsb = document.querySelectorAll(\".mpc-button__icon\");\nm7btnsb.forEach(function(btn){btn.addEventListener(\"mouseover\", function(){\n   const parent = this.closest(\".module7-p\");\n   parent.classList.add(\"active\");\n})});\n\n\nm7btnsb.forEach(function(btn){btn.addEventListener(\"mouseleave\", function(){\n   const parent = this.closest(\".module7-p\");\n   parent.classList.remove(\"active\");\n})});\n\nm7sectionsb.forEach(function(section){section.addEventListener(\"mouseover\", function(){\n   section.classList.add(\"active\");\n   const parent = this.closest(\".module7-p\");\n   parent.classList.add(\"active\");\n})});\n\nm7sectionsb.forEach(function(section){section.addEventListener(\"mouseleave\", function(){\n   section.classList.remove(\"active\");\n})});\n\n<\/script>\n\t\t<\/div>\n\t<\/div>\n<\/div><\/div><\/div><\/div><\/div><div class=\"vc_row wpb_row section vc_row-fluid mpc-row\" style=\" text-align:left;\"><div class=\"full_section_inner clearfix\"><div class=\"wpb_column vc_column_container vc_col-sm-12 mpc-column\" data-column-id=\"mpc_column-7369f088359f0e3\"><div class=\"vc_column-inner\"><div class=\"wpb_wrapper\">\t<div class=\"vc_empty_space  empty-120\" style=\"height: 120px\"><span class=\"vc_empty_space_inner\">\n\t\t\t<span class=\"empty_space_image\"><\/span>\n\t\t<\/span><\/div>\n\n<\/div><\/div><\/div><\/div><\/div><div class=\"vc_row wpb_row section vc_row-fluid  module17 mpc-row\" style=\" text-align:left;\"><div class=\"full_section_inner clearfix\"><div class=\"wpb_column vc_column_container vc_col-sm-12 mpc-column\" data-column-id=\"mpc_column-5769f08835a3fb0\"><div class=\"vc_column-inner\"><div class=\"wpb_wrapper\"><div class=\"vc_row wpb_row section vc_row-fluid vc_inner mpc-row\" style=\" text-align:left;\"><div class=\"full_section_inner clearfix\"><div class=\"wpb_column vc_column_container vc_col-sm-12 mpc-column\" data-column-id=\"mpc_column-8069f088359fd1a\"><div class=\"vc_column-inner\"><div class=\"wpb_wrapper\">\n\t<div class=\"wpb_text_column wpb_content_element\">\n\t\t<div class=\"wpb_wrapper\">\n\t\t\t<h2 style=\"text-align: center;\"><span style=\"color: #e40043;\">Bevorstehende Fachveranstaltungen f&uuml;r Zuweiser<\/span><\/h2>\n<p>&nbsp;<\/p>\n\n\t\t<\/div> \n\t<\/div> \t<div class=\"vc_empty_space  empty-80\" style=\"height: 80px\"><span class=\"vc_empty_space_inner\">\n\t\t\t<span class=\"empty_space_image\"><\/span>\n\t\t<\/span><\/div>\n\n<\/div><\/div><\/div><\/div><\/div><div class=\"vc_row wpb_row section vc_row-fluid vc_inner  container-three  grid_section mpc-row\" style=\" text-align:left;\"><div class=\"section_inner clearfix\"><div class=\"section_inner_margin clearfix\"><div class=\"module17-p2 module17-p wpb_column vc_column_container vc_col-sm-4 mpc-column\" data-column-id=\"mpc_column-8069f08835a0bf9\"><div class=\"vc_column-inner\"><div class=\"wpb_wrapper\">\n\t<div class=\"wpb_text_column wpb_content_element  top-box-text bei-rzmh vc_custom_1763462574029\">\n\t\t<div class=\"wpb_wrapper\">\n\t\t\t<h3 class=\"\">F&uuml;r &Auml;rzt:innen<\/h3>\n\n\t\t<\/div> \n\t<\/div> \t<div class=\"vc_empty_space  empty-40\" style=\"height: 40px\"><span class=\"vc_empty_space_inner\">\n\t\t\t<span class=\"empty_space_image\"><\/span>\n\t\t<\/span><\/div>\n\n\t<div class=\"vc_empty_space  empty-80\" style=\"height: 80px\"><span class=\"vc_empty_space_inner\">\n\t\t\t<span class=\"empty_space_image\"><\/span>\n\t\t<\/span><\/div>\n\n\n\t<div class=\"wpb_text_column wpb_content_element\">\n\t\t<div class=\"wpb_wrapper\">\n\t\t\t<h3 style=\"text-align: center;\"><span style=\"color: #e40043; hyphens: none;\">Interdisziplin&auml;rer Austausch Dermatologie &ndash; Rheumatologie<\/span><\/h3>\n<p>&nbsp;<\/p>\n<p style=\"text-align: center;\">Mittwoch, 19. November 2025 | Rheumazentrum Mittelhessen, Sebastian-Kneipp-Str. 36, 35080 Bad Endbach<\/p>\n\n\t\t<\/div> \n\t<\/div> \t<div class=\"vc_empty_space  empty-40\" style=\"height: 40px\"><span class=\"vc_empty_space_inner\">\n\t\t\t<span class=\"empty_space_image\"><\/span>\n\t\t<\/span><\/div>\n\n\n\t<div class=\"wpb_text_column wpb_content_element\">\n\t\t<div class=\"wpb_wrapper\">\n\t\t\t<h3 style=\"text-align: center;\">Wissenschaftliche Leitung<\/h3>\n<p style=\"text-align: center;\">Frau Katrin Storck-M&uuml;ller, Rheumazentrum Mittelhessen, Bad Endbach<br>\nHerr Dr. Manuel G&ouml;bel, Dermatologie UKGM, Standort Marburg<\/p>\n<p>&nbsp;<\/p>\n<h3 style=\"text-align: center;\">Programm \/ Impulsvortr&auml;ge<\/h3>\n<p style=\"text-align: center;\">Interessante Fallbeispiele aus der Dermatologie und Rheumatologie<br>\nDisease Modification Plus &ndash; Inflammatorisches Ged&auml;chtnis bei der Psoriasis-Arthritis<br>\nTopische Therapien, Basistherapeutika und neue Therapieoptionen f&uuml;r Psoriasis und Psoriasis-Arthritis<\/p>\n<p>&nbsp;<\/p>\n<h3 style=\"text-align: center;\">Unterst&uuml;tzt von<\/h3>\n<p style=\"text-align: center;\">Johnson &amp; Johnson Innovative Medicine<br>\nMedac<\/p>\n\n\t\t<\/div> \n\t<\/div> \t<div class=\"vc_empty_space  empty-40\" style=\"height: 40px\"><span class=\"vc_empty_space_inner\">\n\t\t\t<span class=\"empty_space_image\"><\/span>\n\t\t<\/span><\/div>\n\n\n\t<div class=\"wpb_text_column wpb_content_element\">\n\t\t<div class=\"wpb_wrapper\">\n\t\t\t<p style=\"text-align: center; display: none;\"><a class=\"change-arrow\" role=\"link\" href=\"https:\/\/www.rheumaakademie.de\/veranstaltung\/1-rheumatology-slam\" data-raofz=\"20\">Zur Veranstaltung <i class=\"fa fa-external-link\" aria-hidden=\"true\" data-raofz=\"20\"><\/i><\/a><\/p>\n<p>&nbsp;<\/p>\n\n\t\t<\/div> \n\t<\/div> \t<div class=\"vc_empty_space  empty-40\" style=\"height: 40px\"><span class=\"vc_empty_space_inner\">\n\t\t\t<span class=\"empty_space_image\"><\/span>\n\t\t<\/span><\/div>\n\n<\/div><\/div><\/div><div class=\"module17-p1 module17-p wpb_column vc_column_container vc_col-sm-4 mpc-column\" data-column-id=\"mpc_column-6869f08835a1716\"><div class=\"vc_column-inner\"><div class=\"wpb_wrapper\">\n\t<div class=\"wpb_text_column wpb_content_element  top-box-text vc_custom_1763460846990\">\n\t\t<div class=\"wpb_wrapper\">\n\t\t\t<h3 class=\"\">F&uuml;r &Auml;rzt:innen<\/h3>\n\n\t\t<\/div> \n\t<\/div> \t<div class=\"vc_empty_space  empty-40\" style=\"height: 40px\"><span class=\"vc_empty_space_inner\">\n\t\t\t<span class=\"empty_space_image\"><\/span>\n\t\t<\/span><\/div>\n\n\t<div class=\"vc_empty_space  empty-80\" style=\"height: 80px\"><span class=\"vc_empty_space_inner\">\n\t\t\t<span class=\"empty_space_image\"><\/span>\n\t\t<\/span><\/div>\n\n\n\t<div class=\"wpb_text_column wpb_content_element\">\n\t\t<div class=\"wpb_wrapper\">\n\t\t\t<h3 style=\"text-align: center;\"><span style=\"color: #e40043; hyphens: none;\">Gemeinsamer Jahresauftakt &ndash; Update-Therapie<\/span><\/h3>\n<p>&nbsp;<\/p>\n<p style=\"text-align: center;\">Dienstag, 14. Januar 2025, 18:00 &ndash; 21:00 Uhr | Knossos, Giessen<\/p>\n\n\t\t<\/div> \n\t<\/div> \t<div class=\"vc_empty_space  empty-40\" style=\"height: 40px\"><span class=\"vc_empty_space_inner\">\n\t\t\t<span class=\"empty_space_image\"><\/span>\n\t\t<\/span><\/div>\n\n\n\t<div class=\"wpb_text_column wpb_content_element\">\n\t\t<div class=\"wpb_wrapper\">\n\t\t\t<h3 style=\"text-align: center;\">Wissenschaftliche Leitung<\/h3>\n<p style=\"text-align: center;\">Frau Katrin Storck-M&uuml;ller, Rheumazentrum Mittelhessen<\/p>\n<p>&nbsp;<\/p>\n<h3 style=\"text-align: center;\">Programm \/ Highlights<\/h3>\n<p style=\"text-align: center;\">Medikamenten-Update<br>\nNeuerungen und Entwicklungen f&uuml;r das kommende Jahr<\/p>\n<p>&nbsp;<\/p>\n<h3 style=\"text-align: center;\">Unterst&uuml;tzt von:<\/h3>\n<p style=\"text-align: center;\">Lilly<\/p>\n\n\t\t<\/div> \n\t<\/div> \t<div class=\"vc_empty_space  empty-40\" style=\"height: 40px\"><span class=\"vc_empty_space_inner\">\n\t\t\t<span class=\"empty_space_image\"><\/span>\n\t\t<\/span><\/div>\n\n\n\t<div class=\"wpb_text_column wpb_content_element\">\n\t\t<div class=\"wpb_wrapper\">\n\t\t\t<p style=\"text-align: center; display: none;\"><a class=\"change-arrow\" role=\"link\" href=\"https:\/\/cvent.me\/qDwd5M\" data-raofz=\"20\">Zur Veranstaltung <i class=\"fa fa-external-link\" aria-hidden=\"true\" data-raofz=\"20\"><\/i><\/a><\/p>\n<p>&nbsp;<\/p>\n\n\t\t<\/div> \n\t<\/div> \t<div class=\"vc_empty_space  empty-40\" style=\"height: 40px\"><span class=\"vc_empty_space_inner\">\n\t\t\t<span class=\"empty_space_image\"><\/span>\n\t\t<\/span><\/div>\n\n<\/div><\/div><\/div><div class=\"module17-p3 module17-p wpb_column vc_column_container vc_col-sm-4 mpc-column\" data-column-id=\"mpc_column-9169f08835a24ab\"><div class=\"vc_column-inner\"><div class=\"wpb_wrapper\">\n\t<div class=\"wpb_text_column wpb_content_element  top-box-text bei-rzmh vc_custom_1763460859939\">\n\t\t<div class=\"wpb_wrapper\">\n\t\t\t<h3 class=\"\">F&uuml;r &Auml;rzt:innen<\/h3>\n\n\t\t<\/div> \n\t<\/div> \t<div class=\"vc_empty_space  empty-40\" style=\"height: 40px\"><span class=\"vc_empty_space_inner\">\n\t\t\t<span class=\"empty_space_image\"><\/span>\n\t\t<\/span><\/div>\n\n\t<div class=\"vc_empty_space  empty-80\" style=\"height: 80px\"><span class=\"vc_empty_space_inner\">\n\t\t\t<span class=\"empty_space_image\"><\/span>\n\t\t<\/span><\/div>\n\n\n\t<div class=\"wpb_text_column wpb_content_element\">\n\t\t<div class=\"wpb_wrapper\">\n\t\t\t<h3 style=\"text-align: center;\"><span style=\"color: #e40043; hyphens: none;\"><span class=\"TextRun MacChromeBold SCXW61231311 BCX0\" lang=\"DE-DE\" xml:lang=\"DE-DE\" data-contrast=\"auto\"><span class=\"NormalTextRun SCXW61231311 BCX0\" data-ccp-parastyle=\"Normal (Web)\">Moderne Versorgung der Psoriasis-Arthritis &ndash; Evidenz, Erfahrung, Zukunft<\/span><\/span><span class=\"EOP SCXW61231311 BCX0\" data-ccp-props='{\"134233117\":true,\"134233118\":true,\"201341983\":0,\"335559740\":312}'>&nbsp;<\/span><\/span><\/h3>\n<p>&nbsp;<\/p>\n<p style=\"text-align: center;\"><span class=\"TextRun SCXW26014086 BCX0\" lang=\"DE-DE\" xml:lang=\"DE-DE\" data-contrast=\"auto\"><span class=\"NormalTextRun SCXW26014086 BCX0\" data-ccp-parastyle=\"Normal (Web)\">Mittwoch, 2. September 2026, 18:00&ndash;20:30 Uhr | Rheumazentrum Mittelhessen, Sebastian-Kneipp-Str. 36, 35080 Bad Endbach<\/span><\/span><span class=\"EOP SCXW26014086 BCX0\" data-ccp-props='{\"134233117\":true,\"134233118\":true,\"201341983\":0,\"335559740\":312}'>&nbsp;<\/span><\/p>\n\n\t\t<\/div> \n\t<\/div> \t<div class=\"vc_empty_space  empty-40\" style=\"height: 40px\"><span class=\"vc_empty_space_inner\">\n\t\t\t<span class=\"empty_space_image\"><\/span>\n\t\t<\/span><\/div>\n\n\n\t<div class=\"wpb_text_column wpb_content_element\">\n\t\t<div class=\"wpb_wrapper\">\n\t\t\t<h3 style=\"text-align: center;\">Wissenschaftliche Leitung<\/h3>\n<p style=\"text-align: center;\"><span class=\"TextRun SCXW230780435 BCX0\" lang=\"DE-DE\" xml:lang=\"DE-DE\" data-contrast=\"auto\"><span class=\"NormalTextRun SCXW230780435 BCX0\" data-ccp-parastyle=\"Normal (Web)\">Katrin Storck-M&uuml;ller, &Auml;rztliche Direktorin Rheumazentrum Mittelhessen<\/span><\/span><span class=\"EOP SCXW230780435 BCX0\" data-ccp-props='{\"134233117\":true,\"134233118\":true,\"201341983\":0,\"335559740\":312}'>&nbsp;<\/span><\/p>\n<p>&nbsp;<\/p>\n<h3 style=\"text-align: center;\">Programm<\/h3>\n<p style=\"text-align: center;\"><span data-contrast=\"auto\">Fr&uuml;herkennung&nbsp;PsA: typische und atypische Erstmanifestationen &ndash; wann ist warten okay, wann sofort &uuml;berweisen?&nbsp;<\/span><span data-ccp-props='{\"134233117\":true,\"134233118\":true,\"201341983\":0,\"335559740\":312}'>&nbsp;<\/span><\/p>\n<p style=\"text-align: center;\"><span data-contrast=\"auto\">Therapieupdate der Systemerkrankung&nbsp;Pso\/PsA&nbsp;<\/span><span data-ccp-props='{\"134233117\":true,\"134233118\":true,\"201341983\":0,\"335559740\":312}'>&nbsp;<\/span><\/p>\n<p style=\"text-align: center;\"><span data-contrast=\"auto\">Komorbidit&auml;ten &ndash; Bedeutung f&uuml;r Langzeitprognose Therapieentscheidung bei komplexen&nbsp;Patient:innen&nbsp;&ndash; Fallbeispiele zur Podiumsdiskussion&nbsp;<\/span><span data-ccp-props='{\"134233117\":true,\"134233118\":true,\"201341983\":0,\"335559740\":312}'>&nbsp;<\/span><\/p>\n<p style=\"text-align: center;\"><span data-contrast=\"auto\">KI-basierte Entscheidungsunterst&uuml;tzung &ndash; Chancen und Grenzen Lebensqualit&auml;t &ndash; wie integrieren wir PROs sinnvoll in die Praxis?<\/span><span data-ccp-props='{\"134233117\":true,\"134233118\":true,\"201341983\":0,\"335559740\":312}'>&nbsp;<\/span><\/p>\n<p>&nbsp;<\/p>\n<h3 style=\"text-align: center;\"><span class=\"TextRun MacChromeBold SCXW148631188 BCX0\" lang=\"DE-DE\" xml:lang=\"DE-DE\" data-contrast=\"auto\"><span class=\"NormalTextRun SCXW148631188 BCX0\" data-ccp-parastyle=\"Normal (Web)\">Fortbildungspunkte<\/span><\/span><\/h3>\n<p style=\"text-align: center;\"><span class=\"TextRun SCXW155210147 BCX0\" lang=\"DE-DE\" xml:lang=\"DE-DE\" data-contrast=\"auto\"><span class=\"NormalTextRun SCXW155210147 BCX0\" data-ccp-parastyle=\"Normal (Web)\">Fortbildungspunkte&nbsp;<\/span><span class=\"NormalTextRun SCXW155210147 BCX0\" data-ccp-parastyle=\"Normal (Web)\">werden&nbsp;<\/span><span class=\"NormalTextRun SCXW155210147 BCX0\" data-ccp-parastyle=\"Normal (Web)\">beantragt<\/span><\/span><span class=\"EOP SCXW155210147 BCX0\" data-ccp-props='{\"134233117\":true,\"134233118\":true,\"201341983\":0,\"335559740\":312}'>&nbsp;<\/span><\/p>\n<p>&nbsp;<\/p>\n<h3 style=\"text-align: center;\">Unterst&uuml;tzt von<\/h3>\n<p style=\"text-align: center;\"><span class=\"TextRun SCXW171213258 BCX0\" lang=\"DE-DE\" xml:lang=\"DE-DE\" data-contrast=\"auto\"><span class=\"NormalTextRun SCXW171213258 BCX0\" data-ccp-parastyle=\"Normal (Web)\">Johnson &amp; Johnson Innovative Medicine<\/span><\/span><span class=\"EOP SCXW171213258 BCX0\" data-ccp-props='{\"134233117\":true,\"134233118\":true,\"201341983\":0,\"335559740\":312}'>&nbsp;<\/span><\/p>\n\n\t\t<\/div> \n\t<\/div> \t<div class=\"vc_empty_space  empty-40\" style=\"height: 40px\"><span class=\"vc_empty_space_inner\">\n\t\t\t<span class=\"empty_space_image\"><\/span>\n\t\t<\/span><\/div>\n\n\n\t<div class=\"wpb_text_column wpb_content_element\">\n\t\t<div class=\"wpb_wrapper\">\n\t\t\t<p style=\"text-align: center; display: none;\"><a class=\"change-arrow\" role=\"link\" href=\"https:\/\/akademie-anmeldung.laekh.de\/?vid=31519\" data-raofz=\"20\">Zur Veranstaltung <i class=\"fa fa-external-link\" aria-hidden=\"true\" data-raofz=\"20\"><\/i><\/a><\/p>\n<p>&nbsp;<\/p>\n\n\t\t<\/div> \n\t<\/div> \t<div class=\"vc_empty_space  empty-40\" style=\"height: 40px\"><span class=\"vc_empty_space_inner\">\n\t\t\t<span class=\"empty_space_image\"><\/span>\n\t\t<\/span><\/div>\n\n<\/div><\/div><\/div><\/div><\/div><\/div><div class=\"vc_row wpb_row section vc_row-fluid vc_inner mpc-row\" style=\" text-align:left;\"><div class=\"full_section_inner clearfix\"><div class=\"wpb_column vc_column_container vc_col-sm-12 mpc-column\" data-column-id=\"mpc_column-6669f08835a384b\"><div class=\"vc_column-inner\"><div class=\"wpb_wrapper\">\t<div class=\"vc_empty_space  empty-120\" style=\"height: 120px\"><span class=\"vc_empty_space_inner\">\n\t\t\t<span class=\"empty_space_image\"><\/span>\n\t\t<\/span><\/div>\n\n<\/div><\/div><\/div><\/div><\/div><\/div><\/div><\/div><\/div><\/div><div class=\"vc_row wpb_row section vc_row-fluid  module19  grid_section mpc-row\" style=\" text-align:left;\"><div class=\"section_inner clearfix\"><div class=\"section_inner_margin clearfix\"><div class=\"wpb_column vc_column_container vc_col-sm-12 mpc-column\" data-column-id=\"mpc_column-9969f08835a7af2\"><div class=\"vc_column-inner\"><div class=\"wpb_wrapper\">\t<div class=\"vc_empty_space  leer-120\" style=\"height: 120px\"><span class=\"vc_empty_space_inner\">\n\t\t\t<span class=\"empty_space_image\"><\/span>\n\t\t<\/span><\/div>\n\n\n\t<div class=\"wpb_text_column wpb_content_element\">\n\t\t<div class=\"wpb_wrapper\">\n\t\t\t<h2 style=\"text-align: center;\"><span style=\"color: #e40043;\">FAQs<\/span><\/h2>\n\n\t\t<\/div> \n\t<\/div> \t<div class=\"vc_empty_space  leer-80\" style=\"height: 80px\"><span class=\"vc_empty_space_inner\">\n\t\t\t<span class=\"empty_space_image\"><\/span>\n\t\t<\/span><\/div>\n\n\n\t<div class=\"wpb_text_column wpb_content_element\">\n\t\t<div class=\"wpb_wrapper\">\n\t\t\t<div id=\"accordions-8291\" class=\"accordions-8291 accordions\" data-accordions='{\"lazyLoad\":true,\"id\":\"8291\",\"event\":\"click\",\"collapsible\":\"true\",\"heightStyle\":\"content\",\"animateStyle\":\"swing\",\"animateDelay\":1000,\"navigation\":true,\"active\":999,\"expandedOther\":\"no\"}'>\r\n                <div id=\"accordions-lazy-8291\" class=\"accordions-lazy\" accordionsid=\"8291\">\r\n                    <\/div>\r\n\r\n    <div class=\"items\" style=\"display:none\">\r\n    \r\n            <div post_id=\"8291\" itemcount=\"0\" header_id=\"header-17011629020\" id=\"header-17011629020\" style=\"\" class=\"accordions-head head17011629020 border-none\" toggle-text=\"\" main-text=\"Wie erfolgt die Terminvergabe oder die Einweisung?\">\r\n                                    <span id=\"accordion-icons-17011629020\" class=\"accordion-icons\">\r\n                        <span class=\"accordion-icon-active accordion-plus\"><i class=\"fa fa-angle-down\" aria-hidden=\"true\"><\/i><\/span>\r\n                        <span class=\"accordion-icon-inactive accordion-minus\"><i class=\"fa fa-angle-up\" aria-hidden=\"true\"><\/i><\/span>\r\n                    <\/span>\r\n                    <span id=\"header-text-17011629020\" class=\"accordions-head-title\">Wie erfolgt die Terminvergabe oder die Einweisung?<\/span>\r\n                            <\/div>\r\n            <div class=\"accordion-content content17011629020\">\r\n                <p class=\"p1\">Die Terminvergabe erfolgt telefonisch oder per E-Mail. Generell stehen wir Ihnen f&uuml;r alle Fragen, Terminvergaben und Einweisungen gern unter der <a href=\"tel:+492776919111\">02776 919111<\/a> zur Verf&uuml;gung.<\/p>\n            <\/div>\r\n    \r\n            <div post_id=\"8291\" itemcount=\"1\" header_id=\"header-17011629021\" id=\"header-17011629021\" style=\"\" class=\"accordions-head head17011629021 border-none\" toggle-text=\"\" main-text=\"Gibt es Sprechstundenzeiten f&uuml;r Zuweisungen?\">\r\n                                    <span id=\"accordion-icons-17011629021\" class=\"accordion-icons\">\r\n                        <span class=\"accordion-icon-active accordion-plus\"><i class=\"fa fa-angle-down\" aria-hidden=\"true\"><\/i><\/span>\r\n                        <span class=\"accordion-icon-inactive accordion-minus\"><i class=\"fa fa-angle-up\" aria-hidden=\"true\"><\/i><\/span>\r\n                    <\/span>\r\n                    <span id=\"header-text-17011629021\" class=\"accordions-head-title\">Gibt es Sprechstundenzeiten f&uuml;r Zuweisungen?<\/span>\r\n                            <\/div>\r\n            <div class=\"accordion-content content17011629021\">\r\n                <p class=\"p1\">Ja, zu den folgenden Sprechzeiten k&ouml;nnen Sie uns f&uuml;r Zuweisungen (<span class=\"s1\">Einweisung Rheumaklinik<\/span> oder <span class=\"s1\">&Uuml;berweisung Rheumatologe<\/span>) erreichen:<\/p>\n<table style=\"font-family: Montserrat\">\n<tbody>\n<tr>\n<td>Montag<\/td>\n<td>8:30<\/td>\n<td>-<\/td>\n<td>16:00 Uhr<\/td>\n<\/tr>\n<tr>\n<td>Dienstag<\/td>\n<td>8:30<\/td>\n<td>-<\/td>\n<td>16:00 Uhr<\/td>\n<\/tr>\n<tr>\n<td>Mittwoch<\/td>\n<td>8:30<\/td>\n<td>-<\/td>\n<td>13:00 Uhr<\/td>\n<\/tr>\n<tr>\n<td>Donnerstag<\/td>\n<td>8:30<\/td>\n<td>-<\/td>\n<td>16:00 Uhr<\/td>\n<\/tr>\n<tr>\n<td>Freitag<\/td>\n<td>8:30<\/td>\n<td>-<\/td>\n<td>13:00 Uhr<\/td>\n<\/tr>\n<\/tbody>\n<\/table>\n            <\/div>\r\n    \r\n            <div post_id=\"8291\" itemcount=\"2\" header_id=\"header-17011629022\" id=\"header-17011629022\" style=\"\" class=\"accordions-head head17011629022 border-none\" toggle-text=\"\" main-text=\"Welche Dokumente ben&ouml;tigt das RZMH f&uuml;r die Aufnahme eines Patienten?\">\r\n                                    <span id=\"accordion-icons-17011629022\" class=\"accordion-icons\">\r\n                        <span class=\"accordion-icon-active accordion-plus\"><i class=\"fa fa-angle-down\" aria-hidden=\"true\"><\/i><\/span>\r\n                        <span class=\"accordion-icon-inactive accordion-minus\"><i class=\"fa fa-angle-up\" aria-hidden=\"true\"><\/i><\/span>\r\n                    <\/span>\r\n                    <span id=\"header-text-17011629022\" class=\"accordions-head-title\">Welche Dokumente ben&ouml;tigt das RZMH f&uuml;r die Aufnahme eines Patienten?<\/span>\r\n                            <\/div>\r\n            <div class=\"accordion-content content17011629022\">\r\n                <p class=\"p1\">F&uuml;r eine &raquo;<span class=\"s1\">Einweisung Rheumaklinik<\/span>&laquo; ben&ouml;tigen wir lediglich einen Einweisungsschein (nicht &auml;lter als zwei Wochen und bevorzugt von Ihrem Facharzt), das Versichertenk&auml;rtchen und evtl. ein Befreiungsausweis. Optional k&ouml;nnen die folgenden Dokumente ausgef&uuml;llt mitgebracht werden: Sozialdienst Beratungsangebot, Fragebogen 1: &raquo;FFbH&laquo; und Fragebogen 2 &raquo;Aufnahmebogen Patient&laquo;.<\/p>\n            <\/div>\r\n    \r\n            <div post_id=\"8291\" itemcount=\"3\" header_id=\"header-17011629023\" id=\"header-17011629023\" style=\"\" class=\"accordions-head head17011629023 border-none\" toggle-text=\"\" main-text=\"Wie erfolgt die Einweisung in die Akutklinik?\">\r\n                                    <span id=\"accordion-icons-17011629023\" class=\"accordion-icons\">\r\n                        <span class=\"accordion-icon-active accordion-plus\"><i class=\"fa fa-angle-down\" aria-hidden=\"true\"><\/i><\/span>\r\n                        <span class=\"accordion-icon-inactive accordion-minus\"><i class=\"fa fa-angle-up\" aria-hidden=\"true\"><\/i><\/span>\r\n                    <\/span>\r\n                    <span id=\"header-text-17011629023\" class=\"accordions-head-title\">Wie erfolgt die Einweisung in die Akutklinik?<\/span>\r\n                            <\/div>\r\n            <div class=\"accordion-content content17011629023\">\r\n                <p>Die Einweisung Rheumaklinik bzw. Akutklinik erfolgt &uuml;ber das Ausstellen eines Einweisungsscheins (nicht &auml;lter als eine Woche). In besonders dringenden F&auml;llen k&ouml;nnen Patient*innen auch unter der <a href=\"tel:+492776919111\">02776 919 111<\/a> in der Klinik angemeldet werden. F&uuml;r einen konkreten Termin meldet sich der\/die Patient*in unter derselben Telefonnummer.<\/p>\n            <\/div>\r\n    \r\n            <div post_id=\"8291\" itemcount=\"4\" header_id=\"header-17011629024\" id=\"header-17011629024\" style=\"\" class=\"accordions-head head17011629024 border-none\" toggle-text=\"\" main-text=\"Wie erfolgt die Einweisung in die Rehaklinik?\">\r\n                                    <span id=\"accordion-icons-17011629024\" class=\"accordion-icons\">\r\n                        <span class=\"accordion-icon-active accordion-plus\"><i class=\"fa fa-angle-down\" aria-hidden=\"true\"><\/i><\/span>\r\n                        <span class=\"accordion-icon-inactive accordion-minus\"><i class=\"fa fa-angle-up\" aria-hidden=\"true\"><\/i><\/span>\r\n                    <\/span>\r\n                    <span id=\"header-text-17011629024\" class=\"accordions-head-title\">Wie erfolgt die Einweisung in die Rehaklinik?<\/span>\r\n                            <\/div>\r\n            <div class=\"accordion-content content17011629024\">\r\n                <p class=\"p1\">F&uuml;r eine Anschlussheilbehandlung, Rehaklinik oder teilstation&auml;re Rehabilitation in unserer <span class=\"s1\">Rheumaklinik Bad Endbach<\/span> erstellen Zuweiser*innen zun&auml;chst einen Reha-Antrag und senden diesen an den Kostentr&auml;ger. Nach der Bewilligung des Antrags werden Patient*innen direkt vom Kostentr&auml;gen (DRV oder Krankenkasse) bei uns im Haus angemeldet. Gerne k&ouml;nnen Patient*innen oder Zuweiser*innen uns als Wunsch-Rehaklinik angeben. Sollten Sie hier Unterst&uuml;tzung brauchen kontaktieren Sie uns gerne unter der <a href=\"tel:+492776919111\">02776 919 111<\/a>.<\/p>\n            <\/div>\r\n    \r\n            <div post_id=\"8291\" itemcount=\"5\" header_id=\"header-17011629025\" id=\"header-17011629025\" style=\"\" class=\"accordions-head head17011629025 border-none\" toggle-text=\"\" main-text=\"Wie erfolgt die Einweisung in das Medizinische Versorgungszentrum (MVZ)?\">\r\n                                    <span id=\"accordion-icons-17011629025\" class=\"accordion-icons\">\r\n                        <span class=\"accordion-icon-active accordion-plus\"><i class=\"fa fa-angle-down\" aria-hidden=\"true\"><\/i><\/span>\r\n                        <span class=\"accordion-icon-inactive accordion-minus\"><i class=\"fa fa-angle-up\" aria-hidden=\"true\"><\/i><\/span>\r\n                    <\/span>\r\n                    <span id=\"header-text-17011629025\" class=\"accordions-head-title\">Wie erfolgt die Einweisung in das Medizinische Versorgungszentrum (MVZ)?<\/span>\r\n                            <\/div>\r\n            <div class=\"accordion-content content17011629025\">\r\n                <p>F&uuml;r eine Vorstellung im MVZ ist keine &Uuml;berweisung zur ambulanten rheumatologischen Versorgung mehr erforderlich &ndash; Patient*innen k&ouml;nnen ihre Termine eigenst&auml;ndig vereinbaren.<\/p>\n<p>&nbsp;<\/p>\n<p>Eine Anmeldung durch Sie als zuweisende Praxis ist in dringenden F&auml;llen unter <a href=\"tel:+492776919117\">02776 919-117<\/a> (Ambulanz) m&ouml;glich.<\/p>\n<p>&nbsp;<\/p>\n<p>Bitte beachten Sie, dass ambulante Termine aktuell mit l&auml;ngeren Wartezeiten verbunden sein k&ouml;nnen. In medizinisch dringlichen F&auml;llen k&ouml;nnen Sie sich gerne direkt an unser &auml;rztliches Team unter <a href=\"tel:+492776919383\">02776 919-383<\/a> wenden. Gemeinsam besprechen wir das weitere Vorgehen und finden eine bestm&ouml;gliche L&ouml;sung &ndash; ggf. auch im Rahmen einer station&auml;ren Versorgung.<\/p>\n            <\/div>\r\n    \r\n            <div post_id=\"8291\" itemcount=\"6\" header_id=\"header-17011629026\" id=\"header-17011629026\" style=\"\" class=\"accordions-head head17011629026 border-none\" toggle-text=\"\" main-text=\"Wie erfolgt die Einweisung f&uuml;r eine ambulante Therapie?\">\r\n                                    <span id=\"accordion-icons-17011629026\" class=\"accordion-icons\">\r\n                        <span class=\"accordion-icon-active accordion-plus\"><i class=\"fa fa-angle-down\" aria-hidden=\"true\"><\/i><\/span>\r\n                        <span class=\"accordion-icon-inactive accordion-minus\"><i class=\"fa fa-angle-up\" aria-hidden=\"true\"><\/i><\/span>\r\n                    <\/span>\r\n                    <span id=\"header-text-17011629026\" class=\"accordions-head-title\">Wie erfolgt die Einweisung f&uuml;r eine ambulante Therapie?<\/span>\r\n                            <\/div>\r\n            <div class=\"accordion-content content17011629026\">\r\n                <p class=\"p1\">F&uuml;r eine ambulante Therapie ben&ouml;tigt Ihr\/e Patient*in eine Heilmittelverordnung, die nicht &auml;lter als zwei Wochen ist. Unter der Nummer <span class=\"s1\"><a href=\"tel:+492776919382\">02776 919-382<\/a>, <\/span>kann sich der\/die Patient*in zwecks Terminvereinbarung f&uuml;r Physiotherapie, Ergotherapie, Massage und Physikalische Therapie etc. bei uns melden.<\/p>\n            <\/div>\r\n    \r\n            <div post_id=\"8291\" itemcount=\"7\" header_id=\"header-17011629027\" id=\"header-17011629027\" style=\"\" class=\"accordions-head head17011629027 border-none\" toggle-text=\"\" main-text=\"Wie k&ouml;nnen Unterlagen wie Arztbriefe, Befundberichte, Medikation, R&ouml;ntgenbilder usw. &uuml;bertragen werden?\">\r\n                                    <span id=\"accordion-icons-17011629027\" class=\"accordion-icons\">\r\n                        <span class=\"accordion-icon-active accordion-plus\"><i class=\"fa fa-angle-down\" aria-hidden=\"true\"><\/i><\/span>\r\n                        <span class=\"accordion-icon-inactive accordion-minus\"><i class=\"fa fa-angle-up\" aria-hidden=\"true\"><\/i><\/span>\r\n                    <\/span>\r\n                    <span id=\"header-text-17011629027\" class=\"accordions-head-title\">Wie k&ouml;nnen Unterlagen wie Arztbriefe, Befundberichte, Medikation, R&ouml;ntgenbilder usw. &uuml;bertragen werden?<\/span>\r\n                            <\/div>\r\n            <div class=\"accordion-content content17011629027\">\r\n                <p class=\"p1\">Momentan k&ouml;nnen alle Dokumente in Papierform oder auf CD entgegengenommen werden. Wir freuen uns jedoch auf die Einf&uuml;hrung der Datenspeicherung auf der elektronischen Gesundheitskarte und ein digitales Patientenportal, welches wir aktuell einrichten.<\/p>\n            <\/div>\r\n    \r\n            <div post_id=\"8291\" itemcount=\"8\" header_id=\"header-17011629028\" id=\"header-17011629028\" style=\"\" class=\"accordions-head head17011629028 border-none\" toggle-text=\"\" main-text=\"Wie finde ich den richtigen Ansprechpartner f&uuml;r mein Anliegen?\">\r\n                                    <span id=\"accordion-icons-17011629028\" class=\"accordion-icons\">\r\n                        <span class=\"accordion-icon-active accordion-plus\"><i class=\"fa fa-angle-down\" aria-hidden=\"true\"><\/i><\/span>\r\n                        <span class=\"accordion-icon-inactive accordion-minus\"><i class=\"fa fa-angle-up\" aria-hidden=\"true\"><\/i><\/span>\r\n                    <\/span>\r\n                    <span id=\"header-text-17011629028\" class=\"accordions-head-title\">Wie finde ich den richtigen Ansprechpartner f&uuml;r mein Anliegen?<\/span>\r\n                            <\/div>\r\n            <div class=\"accordion-content content17011629028\">\r\n                <p class=\"p1\">Folgende Ansprechpartner*innen stehen Ihnen gern zur Verf&uuml;gung:<\/p>\n<p class=\"p1\">Frau Storck-M&uuml;ller (&Auml;rztliche Direktorin und Gesch&auml;ftsf&uuml;hrerin)<\/p>\n<p class=\"p1\">Frau Dr. Amann (Leitende &Auml;rztin Akutklinik)<\/p>\n<p class=\"p1\">Herr Fink (Facharzt f&uuml;r Rheumatologie &amp; Oberarzt)<\/p>\n<p class=\"p1\">Frau Magethi (Stations&auml;rztin)<\/p>\n<p class=\"p1\">Herr Burk (Leitender Arzt - AHB und Rehaklinik)<\/p>\n            <\/div>\r\n    \r\n            <div post_id=\"8291\" itemcount=\"9\" header_id=\"header-17011629029\" id=\"header-17011629029\" style=\"\" class=\"accordions-head head17011629029 border-none\" toggle-text=\"\" main-text=\" Ist es m&ouml;glich, Patient*innen ohne Deutschkenntnisse aufzunehmen?\">\r\n                                    <span id=\"accordion-icons-17011629029\" class=\"accordion-icons\">\r\n                        <span class=\"accordion-icon-active accordion-plus\"><i class=\"fa fa-angle-down\" aria-hidden=\"true\"><\/i><\/span>\r\n                        <span class=\"accordion-icon-inactive accordion-minus\"><i class=\"fa fa-angle-up\" aria-hidden=\"true\"><\/i><\/span>\r\n                    <\/span>\r\n                    <span id=\"header-text-17011629029\" class=\"accordions-head-title\"> Ist es m&ouml;glich, Patient*innen ohne Deutschkenntnisse aufzunehmen?<\/span>\r\n                            <\/div>\r\n            <div class=\"accordion-content content17011629029\">\r\n                <p class=\"p1\">In der <span class=\"s1\">Rheumaklinik Bad Endbach<\/span> decken wir eine gro&szlig;e Bandbreite an Fremdsprachen ab: Russisch, Englisch, Polnisch, Rum&auml;nisch, Ungarisch, Griechisch und deutsche Geb&auml;rdensprache (DGS) werden gern von unseren Mitarbeitenden gedolmetscht. Sollte ein professioneller Dolmetscher oder eine andere Sprache ben&ouml;tigt werden, bitten wir unsere Patient*innen, dies selbst zu organisieren.<\/p>\n            <\/div>\r\n    \r\n            <div post_id=\"8291\" itemcount=\"10\" header_id=\"header-170116290210\" id=\"header-170116290210\" style=\"\" class=\"accordions-head head170116290210 border-none\" toggle-text=\"\" main-text=\"Verf&uuml;gt das RZMH &uuml;ber einen barrierefreien Zugang?\">\r\n                                    <span id=\"accordion-icons-170116290210\" class=\"accordion-icons\">\r\n                        <span class=\"accordion-icon-active accordion-plus\"><i class=\"fa fa-angle-down\" aria-hidden=\"true\"><\/i><\/span>\r\n                        <span class=\"accordion-icon-inactive accordion-minus\"><i class=\"fa fa-angle-up\" aria-hidden=\"true\"><\/i><\/span>\r\n                    <\/span>\r\n                    <span id=\"header-text-170116290210\" class=\"accordions-head-title\">Verf&uuml;gt das RZMH &uuml;ber einen barrierefreien Zugang?<\/span>\r\n                            <\/div>\r\n            <div class=\"accordion-content content170116290210\">\r\n                <p class=\"p1\">Ja, die <span class=\"s1\">Rheumaklinik Bad Endbach<\/span> ist komplett barrierefrei. Alle Einrichtungen entsprechen den Anforderungen der Barrierefreiheit und k&ouml;nnen bequem &uuml;ber den Haupteingang des RZMH erreicht werden (MVZ RZMH, Akutklinik, Rehaklinik &amp; AHB sowie Therapiezentrum). Direkt vor der Eingangst&uuml;r gibt es eine Haltem&ouml;glichkeit sowie zahlreiche Parkm&ouml;glichkeiten. Unsere Patientinnen und Patienten sind h&auml;ufig eingeschr&auml;nkt in ihrer Mobilit&auml;t &ndash;&nbsp;durch maximale Barrierefreiheit erm&ouml;glichen wir ein hohes Ma&szlig; an Autonomie, Selbst&auml;ndigkeit und vollst&auml;ndige Bewegungsfreiheit.<\/p>\n            <\/div>\r\n    \r\n            <div post_id=\"8291\" itemcount=\"11\" header_id=\"header-170116290211\" id=\"header-170116290211\" style=\"\" class=\"accordions-head head170116290211 border-none\" toggle-text=\"\" main-text=\" Sind die Zimmer, Betten und die R&ouml;ntgeneinrichtung geeignet f&uuml;r Patient*innen mit besonderem &Uuml;bergewicht oder besonderer K&ouml;rpergr&ouml;&szlig;e?\">\r\n                                    <span id=\"accordion-icons-170116290211\" class=\"accordion-icons\">\r\n                        <span class=\"accordion-icon-active accordion-plus\"><i class=\"fa fa-angle-down\" aria-hidden=\"true\"><\/i><\/span>\r\n                        <span class=\"accordion-icon-inactive accordion-minus\"><i class=\"fa fa-angle-up\" aria-hidden=\"true\"><\/i><\/span>\r\n                    <\/span>\r\n                    <span id=\"header-text-170116290211\" class=\"accordions-head-title\"> Sind die Zimmer, Betten und die R&ouml;ntgeneinrichtung geeignet f&uuml;r Patient*innen mit besonderem &Uuml;bergewicht oder besonderer K&ouml;rpergr&ouml;&szlig;e?<\/span>\r\n                            <\/div>\r\n            <div class=\"accordion-content content170116290211\">\r\n                <p class=\"p1\">Unsere Betten k&ouml;nnen bis ca.<span class=\"Apple-converted-space\">&nbsp; <\/span>250kg belegt werden. Spezifische Diagnoseverfahren, wie etwa das R&ouml;ntgen, sind nur bedingt f&uuml;r Personen mit sehr starkem &Uuml;bergewicht m&ouml;glich. Auch die Knochendichtemessung \/ DXA ist lediglich bis 118kg K&ouml;rpergewicht m&ouml;glich. F&uuml;r K&ouml;rpergr&ouml;&szlig;en gibt es keine bekannten Einschr&auml;nkungen.<\/p>\n            <\/div>\r\n    <\/div>\r\n\r\n\r\n\r\n            <\/div>\n\n\t\t<\/div> \n\t<\/div> \t<div class=\"vc_empty_space  empty-80\" style=\"height: 80px\"><span class=\"vc_empty_space_inner\">\n\t\t\t<span class=\"empty_space_image\"><\/span>\n\t\t<\/span><\/div>\n\n<\/div><\/div><\/div><\/div><\/div><\/div><div class=\"vc_row wpb_row section vc_row-fluid mpc-row\" style=\" text-align:left;\"><div class=\"full_section_inner clearfix\"><div class=\"wpb_column vc_column_container vc_col-sm-12 mpc-column\" data-column-id=\"mpc_column-5869f08835aa178\"><div class=\"vc_column-inner\"><div class=\"wpb_wrapper\">\t<div class=\"vc_empty_space  empty-120\" style=\"height: 120px\"><span class=\"vc_empty_space_inner\">\n\t\t\t<span class=\"empty_space_image\"><\/span>\n\t\t<\/span><\/div>\n\n<\/div><\/div><\/div><\/div><\/div><div class=\"vc_row wpb_row section vc_row-fluid   grid_section mpc-row\" style=\" text-align:left;\"><div class=\"section_inner clearfix\"><div class=\"section_inner_margin clearfix\"><div class=\"wpb_column vc_column_container vc_col-sm-12 mpc-column\" data-column-id=\"mpc_column-10069f08835b4cf0\"><div class=\"vc_column-inner\"><div class=\"wpb_wrapper\">\n\t<div class=\"wpb_text_column wpb_content_element\">\n\t\t<div class=\"wpb_wrapper\">\n\t\t\t<h2 style=\"text-align: center;\">Blogbeitr&auml;ge<\/h2>\n\n\t\t<\/div> \n\t<\/div> \t<div class=\"vc_empty_space  empty-80\" style=\"height: 80px\"><span class=\"vc_empty_space_inner\">\n\t\t\t<span class=\"empty_space_image\"><\/span>\n\t\t<\/span><\/div>\n\n\n\t<div class=\"wpb_text_column wpb_content_element\">\n\t\t<div class=\"wpb_wrapper\">\n\t\t\t<p><code><div class=\"rzmh-posts\"><div class=\"rzmh-post-container category-rheuma-im-alltag\">\n                           <div class=\"rzmh-post\">\n                              <div class=\"rzmh-post-inner\">     <img decoding=\"async\" class=\"rzmh-post-img\" src=\"https:\/\/rheumazentrum-mittelhessen.de\/wp-content\/uploads\/2026\/04\/RZMH_Gelenke-Gartensaison.jpg\" alt=\"\">         <h3 class=\"rzmh-post-title\">Fr&uuml;hlingserwachen f&uuml;r Ihre Gelenke: Sanfter Start in die Gartensaison<\/h3>\n                                 <div class=\"rzmh-post-meta\">\n                                    <span class=\"rzmh-post-author\">firstart<\/span><span>|<\/span>\n                                    <span class=\"rzmh-post-date\">23.04.26<\/span><span>|<\/span>\n                                    <span class=\"\"> <a href=\"https:\/\/rheumazentrum-mittelhessen.de\/el_el\/category\/rheuma-im-alltag\/\" title=\"View all posts in Rheuma im Alltag\">Rheuma im Alltag<\/a><span class=\"post_separator\">, <\/span><a href=\"https:\/\/rheumazentrum-mittelhessen.de\/el_el\/category\/tipps\/\" title=\"View all posts in Tipps\">Tipps<\/a> <\/span><span> | <\/span>\n                                    <span class=\"rzmh-post-date\">Lesedauer: 3 Minuten<\/span>\n                                 <\/div>\n                                 <p class=\"rzmh-post-content\">F&uuml;r viele Rheumatiker*innen ist das G&auml;rtnern eine wunderbares Hobby. Doch gerade nach den Wintermonaten k&ouml;nnen Gelenke oft noch etwas steif&hellip;<\/p>\n                                 <a class=\"rzmh-post-btn\" href=\"https:\/\/rheumazentrum-mittelhessen.de\/el_el\/blog-sanfter-start-in-die-gartensaison\/\">Zum Beitrag<\/a>\n                              <\/div>                 \n                           <\/div>\n                        <\/div><div class=\"rzmh-post-container category-hilfestellung\">\n                           <div class=\"rzmh-post\">\n                              <div class=\"rzmh-post-inner\">     <img decoding=\"async\" class=\"rzmh-post-img\" src=\"https:\/\/rheumazentrum-mittelhessen.de\/wp-content\/uploads\/2026\/03\/RZMH_Hilfsmittel-bei-Rheuma_weg-optimiert.jpg\" alt=\"\">         <h3 class=\"rzmh-post-title\">Hilfsmittel bei Rheuma: Was &uuml;bernehmen die Krankenkassen?<\/h3>\n                                 <div class=\"rzmh-post-meta\">\n                                    <span class=\"rzmh-post-author\">firstart<\/span><span>|<\/span>\n                                    <span class=\"rzmh-post-date\">20.02.26<\/span><span>|<\/span>\n                                    <span class=\"\"> <a href=\"https:\/\/rheumazentrum-mittelhessen.de\/el_el\/category\/hilfestellung\/\" title=\"View all posts in Hilfestellung\">Hilfestellung<\/a><span class=\"post_separator\">, <\/span><a href=\"https:\/\/rheumazentrum-mittelhessen.de\/el_el\/category\/rheuma-im-alltag\/\" title=\"View all posts in Rheuma im Alltag\">Rheuma im Alltag<\/a><span class=\"post_separator\">, <\/span><a href=\"https:\/\/rheumazentrum-mittelhessen.de\/el_el\/category\/tipps\/\" title=\"View all posts in Tipps\">Tipps<\/a> <\/span><span> | <\/span>\n                                    <span class=\"rzmh-post-date\">Lesedauer: 3 Minuten<\/span>\n                                 <\/div>\n                                 <p class=\"rzmh-post-content\">Hilfsmittel wie Greifzangen, Handgelenksschienen oder Rollatoren k&ouml;nnen in solchen F&auml;llen eine wertvolle Unterst&uuml;tzung sein. Doch wer hat eigentlich Anspruch auf&hellip;<\/p>\n                                 <a class=\"rzmh-post-btn\" href=\"https:\/\/rheumazentrum-mittelhessen.de\/el_el\/hilfsmittel-bei-rheuma-was-uebernehmen-die-krankenkassen\/\">Zum Beitrag<\/a>\n                              <\/div>                 \n                           <\/div>\n                        <\/div><div class=\"rzmh-post-container category-rheuma-im-alltag\">\n                           <div class=\"rzmh-post\">\n                              <div class=\"rzmh-post-inner\">     <img decoding=\"async\" class=\"rzmh-post-img\" src=\"https:\/\/rheumazentrum-mittelhessen.de\/wp-content\/uploads\/2026\/01\/RZMH_Winterblues_web-optimiert.png\" alt=\"\">         <h3 class=\"rzmh-post-title\">Winterblues &amp; Rheuma: Wie die dunkle Jahreszeit Ihre Symptome beeinflusst<\/h3>\n                                 <div class=\"rzmh-post-meta\">\n                                    <span class=\"rzmh-post-author\">firstart<\/span><span>|<\/span>\n                                    <span class=\"rzmh-post-date\">20.01.26<\/span><span>|<\/span>\n                                    <span class=\"\"> <a href=\"https:\/\/rheumazentrum-mittelhessen.de\/el_el\/category\/rheuma-im-alltag\/\" title=\"View all posts in Rheuma im Alltag\">Rheuma im Alltag<\/a><span class=\"post_separator\">, <\/span><a href=\"https:\/\/rheumazentrum-mittelhessen.de\/el_el\/category\/tipps\/\" title=\"View all posts in Tipps\">Tipps<\/a> <\/span><span> | <\/span>\n                                    <span class=\"rzmh-post-date\">Lesedauer: 3 Minuten<\/span>\n                                 <\/div>\n                                 <p class=\"rzmh-post-content\">Im Winter k&ouml;nnen rheumatische Schmerzen zunehmen, die Morgensteifigkeit kann l&auml;nger anhalten und auch die seelische Belastung kann wachsen. Doch woran&hellip;<\/p>\n                                 <a class=\"rzmh-post-btn\" href=\"https:\/\/rheumazentrum-mittelhessen.de\/el_el\/blog-winterblues-und-rheuma\/\">Zum Beitrag<\/a>\n                              <\/div>                 \n                           <\/div>\n                        <\/div><div class=\"rzmh-post-container category-entzuendungshemmend\">\n                           <div class=\"rzmh-post\">\n                              <div class=\"rzmh-post-inner\">     <img decoding=\"async\" class=\"rzmh-post-img\" src=\"https:\/\/rheumazentrum-mittelhessen.de\/wp-content\/uploads\/2026\/03\/RZMH_Rezept_Kurkuma-Ingwer-Eintopf_web-optimiert.png\" alt=\"\">         <h3 class=\"rzmh-post-title\">Mit der richtigen Ern&auml;hrung viel bewirken. Heute: W&auml;rmender Kurkuma-Ingwer-Eintopf mit H&uuml;lsenfr&uuml;chten<\/h3>\n                                 <div class=\"rzmh-post-meta\">\n                                    <span class=\"rzmh-post-author\">firstart<\/span><span>|<\/span>\n                                    <span class=\"rzmh-post-date\">18.01.26<\/span><span>|<\/span>\n                                    <span class=\"\"> <a href=\"https:\/\/rheumazentrum-mittelhessen.de\/el_el\/category\/entzuendungshemmend\/\" title=\"View all posts in Entz&uuml;ndungshemmend\">Entz&uuml;ndungshemmend<\/a><span class=\"post_separator\">, <\/span><a href=\"https:\/\/rheumazentrum-mittelhessen.de\/el_el\/category\/rezept\/\" title=\"View all posts in Rezept\">Rezept<\/a><span class=\"post_separator\">, <\/span><a href=\"https:\/\/rheumazentrum-mittelhessen.de\/el_el\/category\/rheuma-im-alltag\/\" title=\"View all posts in Rheuma im Alltag\">Rheuma im Alltag<\/a> <\/span><span> | <\/span>\n                                    <span class=\"rzmh-post-date\">Lesedauer: 2 Minuten<\/span>\n                                 <\/div>\n                                 <p class=\"rzmh-post-content\">Dieser Kurkuma-Ingwer-Eintopf ist ein echtes Wohlf&uuml;hlgericht: Er ist herzhaft, s&auml;ttigend und bringt durch seine Gew&uuml;rze eine angenehme W&auml;rme in den&hellip;<\/p>\n                                 <a class=\"rzmh-post-btn\" href=\"https:\/\/rheumazentrum-mittelhessen.de\/el_el\/mit-der-richtigen-ernhrung-viel-bewirken-heute-wrmender-kurkuma-ingwer-eintopf-mit-hlsenfrchten\/\">Zum Beitrag<\/a>\n                              <\/div>                 \n                           <\/div>\n                        <\/div><\/div><\/code><\/p>\n\n\t\t<\/div> \n\t<\/div> \t<div class=\"vc_empty_space  empty-40\" style=\"height: 40px\"><span class=\"vc_empty_space_inner\">\n\t\t\t<span class=\"empty_space_image\"><\/span>\n\t\t<\/span><\/div>\n\n<\/div><\/div><\/div><\/div><\/div><\/div><div class=\"vc_row wpb_row section vc_row-fluid  mod mpc-row\" style=\"background-color:rgba(255,255,255,0.01); text-align:left;\"><div class=\"full_section_inner clearfix\"><div class=\"wpb_column vc_column_container vc_col-sm-12 mpc-column\" data-column-id=\"mpc_column-7269f08835b5cc1\"><div class=\"vc_column-inner\"><div class=\"wpb_wrapper\"><div class=\"vc_row wpb_row section vc_row-fluid vc_inner mpc-row\" style=\" text-align:left;\"><div class=\"full_section_inner clearfix\"><div class=\"text-align-center-button wpb_column vc_column_container vc_col-sm-12 mpc-column\" data-column-id=\"mpc_column-8069f08835b5b18\"><div class=\"vc_column-inner\"><div class=\"wpb_wrapper\"><a href=\"https:\/\/rheumazentrum-mittelhessen.de\/el_el\/rzmh-blogs\/\" title=\"Blog\" data-id=\"mpc_button-3469f08835b5a08\" class=\"mpc-button mpc-init mpc-transition module9-btn\"><div class=\"mpc-button__content mpc-effect-type--none mpc-effect-side--none\"><span class=\"mpc-button__title mpc-transition\">Mehr Artikel<\/span><\/div><div class=\"mpc-button__background mpc-transition mpc-effect-type--fade mpc-effect-side--in\"><\/div><\/a><\/div><\/div><\/div><\/div><\/div><\/div><\/div><\/div><\/div><\/div><div class=\"vc_row wpb_row section vc_row-fluid mpc-row\" style=\" text-align:left;\"><div class=\"full_section_inner clearfix\"><div class=\"wpb_column vc_column_container vc_col-sm-12 mpc-column\" data-column-id=\"mpc_column-6669f08835b6234\"><div class=\"vc_column-inner\"><div class=\"wpb_wrapper\">\t<div class=\"vc_empty_space  empty-120\" style=\"height: 120px\"><span class=\"vc_empty_space_inner\">\n\t\t\t<span class=\"empty_space_image\"><\/span>\n\t\t<\/span><\/div>\n\n<\/div><\/div><\/div><\/div><\/div><div class=\"vc_row wpb_row section vc_row-fluid  footer-module  grid_section mpc-row\" style=\" text-align:left;\"><div class=\"section_inner clearfix\"><div class=\"section_inner_margin clearfix\"><div class=\"wpb_column vc_column_container vc_col-sm-3 mpc-column\" id=\"info-box-adresse\" data-column-id=\"mpc_column-7769f08835b6861\"><div class=\"vc_column-inner\"><div class=\"wpb_wrapper\"><div data-id=\"mpc_icon_column-7769f08835b66ab\" class=\"mpc-icon-column mpc-init mpc-parent-hover mpc-transition mpc-icon-column--style_1 mpc-align--center content-box-info footer-module-p1\"><div data-id=\"mpc_icon-7369f08835b66f3\" class=\"mpc-icon mpc-init mpc-transition mpc-effect-none\"><div class=\"mpc-icon-wrap\"><i class=\"mpc-icon-part mpc-regular mpc-transition\"><\/i><\/div><\/div><div class=\"mpc-icon-column__content-wrap\"><div class=\"mpc-icon-column__content\"><h3 class=\"mpc-icon-column__heading mpc-transition\">So m\u00fcssen Sie fahren<\/h3><div data-id=\"mpc_divider-669f08835b672b\" class=\"mpc-divider-wrap\"><div class=\"mpc-divider mpc-init mpc-align--center mpc-disable--left\"><div class=\"mpc-divider__line mpc-side--left\"><span><\/span><\/div><div class=\"mpc-divider__line mpc-side--right\"><span><\/span><\/div><\/div><\/div><div class=\"mpc-icon-column__description mpc-transition\"><p>Rheumazentrum Mittelhessen<\/p>\n<p>Sebastian-Kneipp-Stra&szlig;e 36<\/p>\n<p>35080 Bad Endbach<\/p>\n<\/div><\/div><\/div><\/div><\/div><\/div><\/div><div class=\"wpb_column vc_column_container vc_col-sm-6 mpc-column\" id=\"info-box-nummern\" data-column-id=\"mpc_column-2069f08835b6c60\"><div class=\"vc_column-inner\"><div class=\"wpb_wrapper\"><div data-id=\"mpc_icon_column-3569f08835b6a82\" class=\"mpc-icon-column mpc-init mpc-parent-hover mpc-transition mpc-icon-column--style_1 mpc-align--center content-box-info footer-module-p2\"><div data-id=\"mpc_icon-2669f08835b6aaf\" class=\"mpc-icon mpc-init mpc-transition mpc-effect-none\"><div class=\"mpc-icon-wrap\"><i class=\"mpc-icon-part mpc-regular mpc-transition\"><\/i><\/div><\/div><div class=\"mpc-icon-column__content-wrap\"><div class=\"mpc-icon-column__content\"><h3 class=\"mpc-icon-column__heading mpc-transition\">Telefonnummern<\/h3><div data-id=\"mpc_divider-1669f08835b6acf\" class=\"mpc-divider-wrap\"><div class=\"mpc-divider mpc-init mpc-align--center mpc-disable--left\"><div class=\"mpc-divider__line mpc-side--left\"><span><\/span><\/div><div class=\"mpc-divider__line mpc-side--right\"><span><\/span><\/div><\/div><\/div><div class=\"mpc-icon-column__description mpc-transition\"><div style=\"width: 100%; display: flex; flex-direction: row;\">\n<div style=\"width: 50%; text-align: right;\">\n<p>Zentrale:<\/p>\n<\/div>\n<div style=\"width: 50%; text-align: left;\">\n<p><a href=\"tel:+4927769190\">&nbsp;02776 919 0<\/a><\/p>\n<\/div>\n<\/div>\n<div style=\"width: 100%; display: flex; flex-direction: row;\">\n<div style=\"width: 50%; text-align: right;\">\n<p>Station&auml;re Aufname:<\/p>\n<\/div>\n<div style=\"width: 50%; text-align: left;\">\n<p><a href=\"tel:+492776919111\">&nbsp;02776 919 111<\/a><\/p>\n<\/div>\n<\/div>\n<div style=\"width: 100%; display: flex; flex-direction: row;\">\n<div style=\"width: 50%; text-align: right;\">\n<p>Ambulante Therapieplanung:<\/p>\n<\/div>\n<div style=\"width: 50%; text-align: left;\">\n<p><a href=\"tel:+492776919160\">&nbsp;02776 919 160<\/a><\/p>\n<\/div>\n<\/div>\n<div style=\"width: 100%; display: flex; flex-direction: row;\">\n<div style=\"width: 50%; text-align: right;\">\n<p>MVZ Terminvereinbarung:<\/p>\n<\/div>\n<div style=\"width: 50%; text-align: left;\">\n<p><a href=\"tel:+492776919117\">&nbsp;02776 919 117<\/a><\/p>\n<\/div>\n<\/div>\n<\/div><\/div><\/div><\/div><\/div><\/div><\/div><div class=\"wpb_column vc_column_container vc_col-sm-3 mpc-column\" id=\"info-box-besucher\" data-column-id=\"mpc_column-2569f08835b6fe6\"><div class=\"vc_column-inner\"><div class=\"wpb_wrapper\"><div data-id=\"mpc_icon_column-5769f08835b6e6e\" class=\"mpc-icon-column mpc-init mpc-parent-hover mpc-transition mpc-icon-column--style_1 mpc-align--center content-box-info footer-module-p3\"><div data-id=\"mpc_icon-3569f08835b6eaa\" class=\"mpc-icon mpc-init mpc-transition mpc-effect-none\"><div class=\"mpc-icon-wrap\"><i class=\"mpc-icon-part mpc-regular mpc-transition\"><\/i><\/div><\/div><div class=\"mpc-icon-column__content-wrap\"><div class=\"mpc-icon-column__content\"><h3 class=\"mpc-icon-column__heading mpc-transition\">Besuchszeiten<\/h3><div data-id=\"mpc_divider-9169f08835b6edd\" class=\"mpc-divider-wrap\"><div class=\"mpc-divider mpc-init mpc-align--center mpc-disable--left\"><div class=\"mpc-divider__line mpc-side--left\"><span><\/span><\/div><div class=\"mpc-divider__line mpc-side--right\"><span><\/span><\/div><\/div><\/div><div class=\"mpc-icon-column__description mpc-transition\"><p style=\"text-align: center;\">T&auml;glich:<\/p>\n<p style=\"text-align: center;\">10:00 &ndash; 11:30 Uhr &amp;<\/p>\n<p style=\"text-align: center;\">13:30 &ndash; 20:00 Uhr<\/p>\n<p>&nbsp;<\/p>\n<\/div><\/div><\/div><\/div><\/div><\/div><\/div><\/div><\/div><\/div>","protected":false},"excerpt":{"rendered":"Symptome von rheumatischen Erkrankungen k\u00f6nnen mit den richtigen Lebensmitteln merkbar abgemildert werden: Eine gr\u00f6\u00dftenteils pflanzliche, unverarbeitete Ern\u00e4hrung hilft dabei, Schmerzen, Schwellungen oder Morgensteifigkeit zu verbessern. Das Rheumazentrum Mittelhessen stellt Ihnen regelm\u00e4\u00dfig leckere Rezepte mit vitalisierenden Lebensmitteln und Inhaltsstoffen vor \u2013 damit Sie Zuhause und in","protected":false},"author":1,"featured_media":0,"parent":5307,"menu_order":5,"comment_status":"closed","ping_status":"closed","template":"full_width.php","meta":{"_acf_changed":false,"footnotes":""},"class_list":["post-8282","page","type-page","status-publish","hentry"],"acf":[],"_links":{"self":[{"href":"https:\/\/rheumazentrum-mittelhessen.de\/el_el\/wp-json\/wp\/v2\/pages\/8282","targetHints":{"allow":["GET"]}}],"collection":[{"href":"https:\/\/rheumazentrum-mittelhessen.de\/el_el\/wp-json\/wp\/v2\/pages"}],"about":[{"href":"https:\/\/rheumazentrum-mittelhessen.de\/el_el\/wp-json\/wp\/v2\/types\/page"}],"author":[{"embeddable":true,"href":"https:\/\/rheumazentrum-mittelhessen.de\/el_el\/wp-json\/wp\/v2\/users\/1"}],"replies":[{"embeddable":true,"href":"https:\/\/rheumazentrum-mittelhessen.de\/el_el\/wp-json\/wp\/v2\/comments?post=8282"}],"version-history":[{"count":241,"href":"https:\/\/rheumazentrum-mittelhessen.de\/el_el\/wp-json\/wp\/v2\/pages\/8282\/revisions"}],"predecessor-version":[{"id":12649,"href":"https:\/\/rheumazentrum-mittelhessen.de\/el_el\/wp-json\/wp\/v2\/pages\/8282\/revisions\/12649"}],"up":[{"embeddable":true,"href":"https:\/\/rheumazentrum-mittelhessen.de\/el_el\/wp-json\/wp\/v2\/pages\/5307"}],"wp:attachment":[{"href":"https:\/\/rheumazentrum-mittelhessen.de\/el_el\/wp-json\/wp\/v2\/media?parent=8282"}],"curies":[{"name":"wp","href":"https:\/\/api.w.org\/{rel}","templated":true}]}}