{"id":3024,"date":"2018-04-12T07:23:12","date_gmt":"2018-04-12T07:23:12","guid":{"rendered":"https:\/\/rheumazentrum-mittelhessen.de\/?page_id=3024"},"modified":"2024-07-30T13:10:02","modified_gmt":"2024-07-30T11:10:02","slug":"geschichte","status":"publish","type":"page","link":"https:\/\/rheumazentrum-mittelhessen.de\/el_el\/ueber-uns\/geschichte\/","title":{"rendered":"Geschichte"},"content":{"rendered":"<div data-q_id=\"#aertzlicher-dienst\" class=\"vc_row wpb_row section vc_row-fluid  startcontainer222 mpc-row\" style=\" padding-top:70px; text-align:left;\"><div class=\"full_section_inner clearfix\"><div class=\"wpb_column vc_column_container vc_col-sm-12 mpc-column\" data-column-id=\"mpc_column-1969edddc2b40b6\"><div class=\"vc_column-inner\"><div class=\"wpb_wrapper\"><div class=\"vc_row wpb_row section vc_row-fluid vc_inner   grid_section mpc-row\" style=\" text-align:left;\"><div class=\"section_inner clearfix\"><div class=\"section_inner_margin clearfix\"><div class=\"text-center wpb_column vc_column_container vc_col-sm-2 mpc-column\" data-column-id=\"mpc_column-8969edddc2b20c9\"><div class=\"vc_column-inner\"><div class=\"wpb_wrapper\"><\/div><\/div><\/div><div class=\"wpb_column vc_column_container vc_col-sm-8 mpc-column\" data-column-id=\"mpc_column-8569edddc2b2615\"><div class=\"vc_column-inner\"><div class=\"wpb_wrapper\">\n\t<div class=\"wpb_text_column wpb_content_element  vc_custom_1722337799854\">\n\t\t<div class=\"wpb_wrapper\">\n\t\t\t<h2 class=\"h2\" style=\"text-align: center;\">In Bad Endbach werden schon seit langer Zeit Menschen mit modernen Methoden behandelt<\/h2>\n\n\t\t<\/div> \n\t<\/div> <\/div><\/div><\/div><div class=\"wpb_column vc_column_container vc_col-sm-2 mpc-column\" data-column-id=\"mpc_column-5569edddc2b27b1\"><div class=\"vc_column-inner\"><div class=\"wpb_wrapper\"><\/div><\/div><\/div><\/div><\/div><\/div><div class=\"vc_row wpb_row section vc_row-fluid vc_inner   grid_section mpc-row\" style=\" text-align:left;\"><div class=\"section_inner clearfix\"><div class=\"section_inner_margin clearfix\"><div class=\"text-center wpb_column vc_column_container vc_col-sm-2 mpc-column\" data-column-id=\"mpc_column-8069edddc2b2d19\"><div class=\"vc_column-inner\"><div class=\"wpb_wrapper\"><\/div><\/div><\/div><div class=\"wpb_column vc_column_container vc_col-sm-8 mpc-column\" data-column-id=\"mpc_column-1769edddc2b3173\"><div class=\"vc_column-inner\"><div class=\"wpb_wrapper\"><div data-id=\"mpc_divider-4069edddc2b2f4c\" class=\"mpc-divider-wrap\"><div class=\"mpc-divider mpc-init mpc-align--center\"><div class=\"mpc-divider__line mpc-side--left\"><span><\/span><\/div><div class=\"mpc-divider__separator\"><div class=\"mpc-divider__content fa fa-quote-right\"><\/div><\/div><div class=\"mpc-divider__line mpc-side--right\"><span><\/span><\/div><\/div><\/div>\t<div class=\"vc_empty_space\" style=\"height: 25px\"><span class=\"vc_empty_space_inner\">\n\t\t\t<span class=\"empty_space_image\"><\/span>\n\t\t<\/span><\/div>\n\n<\/div><\/div><\/div><div class=\"wpb_column vc_column_container vc_col-sm-2 mpc-column\" data-column-id=\"mpc_column-5969edddc2b3317\"><div class=\"vc_column-inner\"><div class=\"wpb_wrapper\"><\/div><\/div><\/div><\/div><\/div><\/div><div class=\"vc_row wpb_row section vc_row-fluid vc_inner   grid_section mpc-row\" style=\" text-align:left;\"><div class=\"section_inner clearfix\"><div class=\"section_inner_margin clearfix\"><div class=\"text-center wpb_column vc_column_container vc_col-sm-2 mpc-column\" data-column-id=\"mpc_column-3269edddc2b37c4\"><div class=\"vc_column-inner\"><div class=\"wpb_wrapper\"><\/div><\/div><\/div><div class=\"wpb_column vc_column_container vc_col-sm-8 mpc-column\" data-column-id=\"mpc_column-9769edddc2b3af7\"><div class=\"vc_column-inner\"><div class=\"wpb_wrapper\">\n\t<div class=\"wpb_text_column wpb_content_element  page-intro vc_custom_1527690629245\">\n\t\t<div class=\"wpb_wrapper\">\n\t\t\t<p style=\"text-align: center;\">Das Rheumazentrum Mittelhessen ist eine Privatklinik, die jetzt von der dritten Generation der Gr\u00fcnderfamilie geleitet wird. Professor Hans Storck, Orthop\u00e4dieprofessor an der Universit\u00e4t Giessen, gr\u00fcndete die Klinik 1954 in Bad Endbach. Er wollte die konservative Orthop\u00e4die um spezielle Therapien erweitern. So sollten weniger Medikamente mit Nebenwirkungen n\u00f6tig sein.<\/p>\n\n\t\t<\/div> \n\t<\/div> <\/div><\/div><\/div><div class=\"wpb_column vc_column_container vc_col-sm-2 mpc-column\" data-column-id=\"mpc_column-3469edddc2b3c78\"><div class=\"vc_column-inner\"><div class=\"wpb_wrapper\"><\/div><\/div><\/div><\/div><\/div><\/div>\t<div class=\"vc_empty_space  empty-space-70-px\" style=\"height: 70px\"><span class=\"vc_empty_space_inner\">\n\t\t\t<span class=\"empty_space_image\"><\/span>\n\t\t<\/span><\/div>\n\n<\/div><\/div><\/div><\/div><\/div><div class=\"vc_row wpb_row section vc_row-fluid  row-with-background-2 vc_custom_1527690032074 mpc-row\" style=\" text-align:left;\"><div class=\"full_section_inner clearfix\"><div class=\"wpb_column vc_column_container vc_col-sm-12 mpc-column\" data-column-id=\"mpc_column-4469edddc2b6812\"><div class=\"vc_column-inner\"><div class=\"wpb_wrapper\"><div class=\"vc_row wpb_row section vc_row-fluid vc_inner   grid_section mpc-row\" style=\" text-align:left;\"><div class=\"section_inner clearfix\"><div class=\"section_inner_margin clearfix\"><div class=\"wpb_column vc_column_container vc_col-sm-6 mpc-column\" data-column-id=\"mpc_column-5369edddc2b4fd3\"><div class=\"vc_column-inner\"><div class=\"wpb_wrapper\"><div data-id=\"mpc_icon_column-2069edddc2b4e20\" class=\"mpc-icon-column mpc-init mpc-parent-hover mpc-transition mpc-icon-column--style_1 mpc-align--left\"><div class=\"mpc-icon-column__content-wrap\"><div class=\"mpc-icon-column__content\"><h3 class=\"mpc-icon-column__heading mpc-transition\">Zweite Generation<\/h3><div data-id=\"mpc_divider-6069edddc2b4e68\" class=\"mpc-divider-wrap\"><div class=\"mpc-divider mpc-init mpc-align--center mpc-disable--left\"><div class=\"mpc-divider__line mpc-side--left\"><span><\/span><\/div><div class=\"mpc-divider__line mpc-side--right\"><span><\/span><\/div><\/div><\/div><div class=\"mpc-icon-column__description mpc-transition\"><p>Dr. Ulrich Storck ist Internist und Rheumatologe. Er behandelte Menschen mit Rheuma, Gelenk- und Wirbels\u00e4ulenerkrankungen. Dabei setzte er vor allem auf physikalische Therapien und versuchte, Medikamente so wenig wie m\u00f6glich einzusetzen.\n\nDie Rheumatologie wurde zunehmend als eigenst\u00e4ndiges Fachgebiet anerkannt.<\/p>\n<\/div><\/div><\/div><\/div><\/div><\/div><\/div><div class=\"wpb_column vc_column_container vc_col-sm-6 mpc-column\" data-column-id=\"mpc_column-5069edddc2b536e\"><div class=\"vc_column-inner\"><div class=\"wpb_wrapper\"><div data-id=\"mpc_icon_column-7769edddc2b5202\" class=\"mpc-icon-column mpc-init mpc-parent-hover mpc-transition mpc-icon-column--style_1 mpc-align--left\"><div class=\"mpc-icon-column__content-wrap\"><div class=\"mpc-icon-column__content\"><h3 class=\"mpc-icon-column__heading mpc-transition\">Dritte Generation<\/h3><div data-id=\"mpc_divider-5669edddc2b5238\" class=\"mpc-divider-wrap\"><div class=\"mpc-divider mpc-init mpc-align--center mpc-disable--left\"><div class=\"mpc-divider__line mpc-side--left\"><span><\/span><\/div><div class=\"mpc-divider__line mpc-side--right\"><span><\/span><\/div><\/div><\/div><div class=\"mpc-icon-column__description mpc-transition\"><p>Katrin Storck-M\u00fcller findet physikalische und medikament\u00f6se Behandlungen gleich wichtig. Die Akutklinik hat seit 1986 unver\u00e4ndert 80 Betten.\n\n1990 kamen 36 Betten durch den Bau der AHB- und Rehaklinik hinzu.\n\nSeit der Gr\u00fcndung des Unternehmens gibt es ambulante Versorgung durch rheumatologische Praxen und Therapieeinrichtungen.<\/p>\n<\/div><\/div><\/div><\/div><\/div><\/div><\/div><\/div><\/div><\/div>\t<div class=\"vc_empty_space\" style=\"height: 25px\"><span class=\"vc_empty_space_inner\">\n\t\t\t<span class=\"empty_space_image\"><\/span>\n\t\t<\/span><\/div>\n\n\n\t<div class=\"wpb_single_image wpb_content_element vc_align_center   stay-at-bottom element_from_top\">\n\t\t<div class=\"wpb_wrapper\">\n\t\t\t\n\t\t\t<div class=\"vc_single_image-wrapper   vc_box_border_grey\"><img loading=\"lazy\" decoding=\"async\" class=\"vc_single_image-img\" src=\"https:\/\/rheumazentrum-mittelhessen.de\/wp-content\/uploads\/2018\/05\/RZMH-roter-Punkt-300x300.png\" width=\"300\" height=\"300\" alt=\"RZMH roter Punkt\" title=\"RZMH roter Punkt\"><\/div>\n\t\t<\/div>\n\t<\/div>\n<\/div><\/div><\/div><\/div><\/div><div class=\"vc_row wpb_row section vc_row-fluid   grid_section mpc-row\" style=\" text-align:left;\"><div class=\"section_inner clearfix\"><div class=\"section_inner_margin clearfix\"><div class=\"wpb_column vc_column_container vc_col-sm-12 mpc-column\" data-column-id=\"mpc_column-2469edddc2b8ccd\"><div class=\"vc_column-inner\"><div class=\"wpb_wrapper\">\t<div class=\"vc_empty_space  empty-space-70-px\" style=\"height: 70px\"><span class=\"vc_empty_space_inner\">\n\t\t\t<span class=\"empty_space_image\"><\/span>\n\t\t<\/span><\/div>\n\n\n\t<div class=\"wpb_text_column wpb_content_element  heute-geschichte vc_custom_1525271465895\">\n\t\t<div class=\"wpb_wrapper\">\n\t\t\t<p style=\"text-align: center;\"><span style=\"color: #e50043; font-size: 18px; font-weight: 600;\">HEUTE<\/span><\/p>\n\n\t\t<\/div> \n\t<\/div> <div id=\"mpc_timeline_basic-1969edddc2b748c\" class=\"mpc-timeline-basic mpc-init mpc-layout--both mpc-pointer--line mpc-pointer--middle timeline-geschichte\"><div class=\"mpc-timeline__track\"><\/div><div class=\"mpc-track__icon\"><i class=\"mpc-transition\"><\/i><\/div><div class=\"mpc-timeline-item__wrap mpc-init mpc-parent-hover mpc-animation mpc-tooltip--always\" data-animation-in=\"transition.slideLeftBigIn||700||200||75\"><div data-id=\"mpc_timeline_item-3069edddc2b76c4\" class=\"mpc-timeline-item mpc-transition mpc-align--right timeline-geschichte-links\"><div class=\"mpc-tl-before\"><\/div><h3 class=\"mpc-timeline-item__heading mpc-transition\">M&auml;rz: 2018: Klinikneubau<\/h3><div class=\"mpc-timeline-item__description\"><p>Das neue Klinikgeb\u00e4ude ist bezogen. Wir arbeiten weiter an der Parkanlage, der Terrasse und den Parkpl\u00e4tzen.<\/p>\n<\/div><\/div><div class=\"mpc-tl-icon\"><div class=\"mpc-tooltip-wrap\" data-id=\"mpc_icon-5669edddc2b771f\"><div data-id=\"mpc_icon-5669edddc2b771f\" class=\"mpc-icon mpc-init mpc-transition mpc-tooltip-target mpc-effect-none mpc-icon-hover\"><div class=\"mpc-icon-wrap\"><i class=\"mpc-icon-part mpc-regular mpc-transition  fa fa-circle\"><\/i><i class=\"mpc-icon-part mpc-hover mpc-transition  fa fa-circle\"><\/i><\/div><\/div><div id=\"mpc_tooltip-7969edddc2b774d\" class=\"mpc-tooltip mpc-init mpc-position--top mpc-effect--fade mpc-can-hover mpc-trigger--hover\">2018<div class=\"mpc-arrow\"><\/div><\/div><\/div><\/div><\/div><div class=\"mpc-timeline-item__wrap mpc-init mpc-parent-hover mpc-animation mpc-tooltip--always\" data-animation-in=\"transition.slideRightBigIn||700||200||75\"><div data-id=\"mpc_timeline_item-7869edddc2b78e4\" class=\"mpc-timeline-item mpc-transition mpc-align--left timeline-geschichte-rechts\"><div class=\"mpc-tl-before\"><\/div><h3 class=\"mpc-timeline-item__heading mpc-transition\">Dezember 2017: Einweihung des Klinikneubaus<\/h3><\/div><div class=\"mpc-tl-icon\"><div class=\"mpc-tooltip-wrap\" data-id=\"mpc_icon-7169edddc2b7922\"><div data-id=\"mpc_icon-7169edddc2b7922\" class=\"mpc-icon mpc-init mpc-transition mpc-tooltip-target mpc-effect-none mpc-icon-hover\"><div class=\"mpc-icon-wrap\"><i class=\"mpc-icon-part mpc-regular mpc-transition  fa fa-circle\"><\/i><i class=\"mpc-icon-part mpc-hover mpc-transition  fa fa-circle\"><\/i><\/div><\/div><div id=\"mpc_tooltip-869edddc2b7942\" class=\"mpc-tooltip mpc-init mpc-position--top mpc-effect--fade mpc-can-hover mpc-trigger--hover\">2017<div class=\"mpc-arrow\"><\/div><\/div><\/div><\/div><\/div><div class=\"mpc-timeline-item__wrap mpc-init mpc-parent-hover mpc-animation mpc-tooltip--always\" data-animation-in=\"transition.slideLeftBigIn||700||200||75\"><div data-id=\"mpc_timeline_item-9369edddc2b7a2e\" class=\"mpc-timeline-item mpc-transition mpc-align--right timeline-geschichte-links\"><div class=\"mpc-tl-before\"><\/div><h3 class=\"mpc-timeline-item__heading mpc-transition\">M&auml;rz 2016: Erster Spatenstich f&uuml;r den Klinikneubau<\/h3><\/div><div class=\"mpc-tl-icon\"><div class=\"mpc-tooltip-wrap\" data-id=\"mpc_icon-569edddc2b7a66\"><div data-id=\"mpc_icon-569edddc2b7a66\" class=\"mpc-icon mpc-init mpc-transition mpc-tooltip-target mpc-effect-none mpc-icon-hover\"><div class=\"mpc-icon-wrap\"><i class=\"mpc-icon-part mpc-regular mpc-transition  fa fa-circle\"><\/i><i class=\"mpc-icon-part mpc-hover mpc-transition  fa fa-circle\"><\/i><\/div><\/div><div id=\"mpc_tooltip-9069edddc2b7a83\" class=\"mpc-tooltip mpc-init mpc-position--top mpc-effect--fade mpc-can-hover mpc-trigger--hover\">2016<div class=\"mpc-arrow\"><\/div><\/div><\/div><\/div><\/div><div class=\"mpc-timeline-item__wrap mpc-init mpc-parent-hover mpc-animation mpc-tooltip--always\" data-animation-in=\"transition.slideRightBigIn||700||200||75\"><div data-id=\"mpc_timeline_item-8969edddc2b7b6f\" class=\"mpc-timeline-item mpc-transition mpc-align--left timeline-geschichte-rechts\"><div class=\"mpc-tl-before\"><\/div><h3 class=\"mpc-timeline-item__heading mpc-transition\">Eintritt von Frau Dr. Amann<\/h3><div class=\"mpc-timeline-item__description\"><p>Frau Dr. Amann, die jetzige leitende Ober\u00e4rztin, begann heute ihre T\u00e4tigkeit im Unternehmen.<\/p>\n<\/div><\/div><div class=\"mpc-tl-icon\"><div class=\"mpc-tooltip-wrap\" data-id=\"mpc_icon-8969edddc2b7ba4\"><div data-id=\"mpc_icon-8969edddc2b7ba4\" class=\"mpc-icon mpc-init mpc-transition mpc-tooltip-target mpc-effect-none mpc-icon-hover\"><div class=\"mpc-icon-wrap\"><i class=\"mpc-icon-part mpc-regular mpc-transition  fa fa-circle\"><\/i><i class=\"mpc-icon-part mpc-hover mpc-transition  fa fa-circle\"><\/i><\/div><\/div><div id=\"mpc_tooltip-5069edddc2b7bc2\" class=\"mpc-tooltip mpc-init mpc-position--top mpc-effect--fade mpc-can-hover mpc-trigger--hover\">2007<div class=\"mpc-arrow\"><\/div><\/div><\/div><\/div><\/div><div class=\"mpc-timeline-item__wrap mpc-init mpc-parent-hover mpc-animation mpc-tooltip--always\" data-animation-in=\"transition.slideLeftBigIn||700||200||75\"><div data-id=\"mpc_timeline_item-8069edddc2b7d09\" class=\"mpc-timeline-item mpc-transition mpc-align--right timeline-geschichte-links\"><div class=\"mpc-tl-before\"><\/div><h3 class=\"mpc-timeline-item__heading mpc-transition\">Eintritt von Frau Katrin Storck-M&uuml;ller<\/h3><div class=\"mpc-timeline-item__description\"><p>Katrin Storck-M\u00fcller, eine \u00c4rztin f\u00fcr innere Medizin und Rheumatologie, beginnt im Unternehmen.<\/p>\n<\/div><\/div><div class=\"mpc-tl-icon\"><div class=\"mpc-tooltip-wrap\" data-id=\"mpc_icon-6969edddc2b7d45\"><div data-id=\"mpc_icon-6969edddc2b7d45\" class=\"mpc-icon mpc-init mpc-transition mpc-tooltip-target mpc-effect-none mpc-icon-hover\"><div class=\"mpc-icon-wrap\"><i class=\"mpc-icon-part mpc-regular mpc-transition  fa fa-circle\"><\/i><i class=\"mpc-icon-part mpc-hover mpc-transition  fa fa-circle\"><\/i><\/div><\/div><div id=\"mpc_tooltip-5669edddc2b7d64\" class=\"mpc-tooltip mpc-init mpc-position--top mpc-effect--fade mpc-can-hover mpc-trigger--hover\">2002<div class=\"mpc-arrow\"><\/div><\/div><\/div><\/div><\/div><div class=\"mpc-timeline-item__wrap mpc-init mpc-parent-hover mpc-animation mpc-tooltip--always\" data-animation-in=\"transition.slideRightBigIn||700||200||75\"><div data-id=\"mpc_timeline_item-3169edddc2b7eb1\" class=\"mpc-timeline-item mpc-transition mpc-align--left timeline-geschichte-rechts\"><div class=\"mpc-tl-before\"><\/div><h3 class=\"mpc-timeline-item__heading mpc-transition\">Physiotherapieausbildung im Schulungsprogramm<\/h3><div class=\"mpc-timeline-item__description\"><p>Die Physiotherapieausbildung wird Teil des Schulungsprogramms.<\/p>\n<\/div><\/div><div class=\"mpc-tl-icon\"><div class=\"mpc-tooltip-wrap\" data-id=\"mpc_icon-2769edddc2b7ef2\"><div data-id=\"mpc_icon-2769edddc2b7ef2\" class=\"mpc-icon mpc-init mpc-transition mpc-tooltip-target mpc-effect-none mpc-icon-hover\"><div class=\"mpc-icon-wrap\"><i class=\"mpc-icon-part mpc-regular mpc-transition  fa fa-circle\"><\/i><i class=\"mpc-icon-part mpc-hover mpc-transition  fa fa-circle\"><\/i><\/div><\/div><div id=\"mpc_tooltip-3169edddc2b7f1c\" class=\"mpc-tooltip mpc-init mpc-position--top mpc-effect--fade mpc-can-hover mpc-trigger--hover\">1994<div class=\"mpc-arrow\"><\/div><\/div><\/div><\/div><\/div><div class=\"mpc-timeline-item__wrap mpc-init mpc-parent-hover mpc-animation mpc-tooltip--always\" data-animation-in=\"transition.slideLeftBigIn||700||200||75\"><div data-id=\"mpc_timeline_item-6769edddc2b8073\" class=\"mpc-timeline-item mpc-transition mpc-align--right timeline-geschichte-links\"><div class=\"mpc-tl-before\"><\/div><h3 class=\"mpc-timeline-item__heading mpc-transition\">Eintritt von Dr. Ulrich Storck<\/h3><div class=\"mpc-timeline-item__description\"><p>Eintritt von Dr. Ulrich Storck (Internist, Rheumatologe, Badearzt) als leitender Oberarzt in das Unternehmen.<\/p>\n<\/div><\/div><div class=\"mpc-tl-icon\"><div class=\"mpc-tooltip-wrap\" data-id=\"mpc_icon-8169edddc2b80b0\"><div data-id=\"mpc_icon-8169edddc2b80b0\" class=\"mpc-icon mpc-init mpc-transition mpc-tooltip-target mpc-effect-none mpc-icon-hover\"><div class=\"mpc-icon-wrap\"><i class=\"mpc-icon-part mpc-regular mpc-transition  fa fa-circle\"><\/i><i class=\"mpc-icon-part mpc-hover mpc-transition  fa fa-circle\"><\/i><\/div><\/div><div id=\"mpc_tooltip-2569edddc2b80e1\" class=\"mpc-tooltip mpc-init mpc-position--top mpc-effect--fade mpc-can-hover mpc-trigger--hover\">1968<div class=\"mpc-arrow\"><\/div><\/div><\/div><\/div><\/div><div class=\"mpc-timeline-item__wrap mpc-init mpc-parent-hover mpc-animation mpc-tooltip--always\" data-animation-in=\"transition.slideRightBigIn||700||200||75\"><div data-id=\"mpc_timeline_item-1069edddc2b823a\" class=\"mpc-timeline-item mpc-transition mpc-align--left timeline-geschichte-rechts\"><div class=\"mpc-tl-before\"><\/div><h3 class=\"mpc-timeline-item__heading mpc-transition\">Gr&uuml;ndung Massageschule<\/h3><div class=\"mpc-timeline-item__description\"><p>Gr&uuml;ndung und staatliche Anerkennung der Massageschule.<\/p>\n<\/div><\/div><div class=\"mpc-tl-icon\"><div class=\"mpc-tooltip-wrap\" data-id=\"mpc_icon-4869edddc2b8278\"><div data-id=\"mpc_icon-4869edddc2b8278\" class=\"mpc-icon mpc-init mpc-transition mpc-tooltip-target mpc-effect-none mpc-icon-hover\"><div class=\"mpc-icon-wrap\"><i class=\"mpc-icon-part mpc-regular mpc-transition  fa fa-circle\"><\/i><i class=\"mpc-icon-part mpc-hover mpc-transition  fa fa-circle\"><\/i><\/div><\/div><div id=\"mpc_tooltip-3669edddc2b8298\" class=\"mpc-tooltip mpc-init mpc-position--top mpc-effect--fade mpc-can-hover mpc-trigger--hover\">1961<div class=\"mpc-arrow\"><\/div><\/div><\/div><\/div><\/div><div class=\"mpc-timeline-item__wrap mpc-init mpc-parent-hover mpc-animation mpc-tooltip--always\" data-animation-in=\"transition.slideLeftBigIn||700||200||75\"><div data-id=\"mpc_timeline_item-4769edddc2b83e9\" class=\"mpc-timeline-item mpc-transition mpc-align--right timeline-geschichte-links\"><div class=\"mpc-tl-before\"><\/div><h3 class=\"mpc-timeline-item__heading mpc-transition\">Er&ouml;ffnung des Behandlungs- und Bettentraktes<\/h3><div class=\"mpc-timeline-item__description\"><p>Er&ouml;ffnung des ersten Behandlungs- und Bettentraktes am heutigen Standort.<\/p>\n<\/div><\/div><div class=\"mpc-tl-icon\"><div class=\"mpc-tooltip-wrap\" data-id=\"mpc_icon-5469edddc2b8423\"><div data-id=\"mpc_icon-5469edddc2b8423\" class=\"mpc-icon mpc-init mpc-transition mpc-tooltip-target mpc-effect-none mpc-icon-hover\"><div class=\"mpc-icon-wrap\"><i class=\"mpc-icon-part mpc-regular mpc-transition  fa fa-circle\"><\/i><i class=\"mpc-icon-part mpc-hover mpc-transition  fa fa-circle\"><\/i><\/div><\/div><div id=\"mpc_tooltip-5769edddc2b8441\" class=\"mpc-tooltip mpc-init mpc-position--top mpc-effect--fade mpc-can-hover mpc-trigger--hover\">1953<div class=\"mpc-arrow\"><\/div><\/div><\/div><\/div><\/div><div class=\"mpc-timeline-item__wrap mpc-init mpc-parent-hover mpc-animation mpc-tooltip--always\" data-animation-in=\"transition.slideRightBigIn||700||200||75\"><div data-id=\"mpc_timeline_item-169edddc2b85a1\" class=\"mpc-timeline-item mpc-transition mpc-align--left timeline-geschichte-rechts\"><div class=\"mpc-tl-before\"><\/div><h3 class=\"mpc-timeline-item__heading mpc-transition\">Erste Therapien<\/h3><div class=\"mpc-timeline-item__description\"><p>Herr Prof. Hans Storck (Professor f&uuml;r Orthop&auml;die an der Liebig Universit&auml;t Giessen) und Frau Dr. Christel Nebel (Orthop&auml;din) f&uuml;hren die ersten Therapien im Erholungsheim &bdquo;Haus Dennoch&ldquo; durch.<\/p>\n<\/div><\/div><div class=\"mpc-tl-icon\"><div class=\"mpc-tooltip-wrap\" data-id=\"mpc_icon-4269edddc2b85d9\"><div data-id=\"mpc_icon-4269edddc2b85d9\" class=\"mpc-icon mpc-init mpc-transition mpc-tooltip-target mpc-effect-none mpc-icon-hover\"><div class=\"mpc-icon-wrap\"><i class=\"mpc-icon-part mpc-regular mpc-transition  fa fa-circle\"><\/i><i class=\"mpc-icon-part mpc-hover mpc-transition  fa fa-circle\"><\/i><\/div><\/div><div id=\"mpc_tooltip-8569edddc2b85f6\" class=\"mpc-tooltip mpc-init mpc-position--top mpc-effect--fade mpc-can-hover mpc-trigger--hover\">1950<div class=\"mpc-arrow\"><\/div><\/div><\/div><\/div><\/div><\/div>\n\t<div class=\"wpb_text_column wpb_content_element  beginn-geschichte vc_custom_1525271453460\">\n\t\t<div class=\"wpb_wrapper\">\n\t\t\t<p style=\"text-align: center;\"><span style=\"color: #e50043; font-size: 18px; font-weight: 600;\">BEGINN<\/span><\/p>\n\n\t\t<\/div> \n\t<\/div> <\/div><\/div><\/div><div class=\"wpb_column vc_column_container vc_col-sm-12 mpc-column\" data-column-id=\"mpc_column-6469edddc2b92bf\"><div class=\"vc_column-inner\"><div class=\"wpb_wrapper\">\t<div class=\"vc_empty_space  empty-space-70-px\" style=\"height: 70px\"><span class=\"vc_empty_space_inner\">\n\t\t\t<span class=\"empty_space_image\"><\/span>\n\t\t<\/span><\/div>\n\n<\/div><\/div><\/div><\/div><\/div><\/div>","protected":false},"excerpt":{"rendered":"Wo moderne Behandlungsmethoden Traditionssache sind Das Rheumazentrum Mittelhessen wird in der dritten Generation als Privatklinik gef&uuml;hrt. Gegr&uuml;ndet wurde das Unternehmen 1954 in Bad Endbach durch Prof. Hans Storck, Professor f&uuml;r Orthop&auml;die an der Liebig Universit&auml;t Giessen. Sein Bestreben war die Bereicherung der konservativen Orthop&auml;die um","protected":false},"author":2,"featured_media":0,"parent":5309,"menu_order":6,"comment_status":"closed","ping_status":"closed","template":"full_width.php","meta":{"_acf_changed":false,"footnotes":""},"class_list":["post-3024","page","type-page","status-publish","hentry"],"acf":[],"_links":{"self":[{"href":"https:\/\/rheumazentrum-mittelhessen.de\/el_el\/wp-json\/wp\/v2\/pages\/3024","targetHints":{"allow":["GET"]}}],"collection":[{"href":"https:\/\/rheumazentrum-mittelhessen.de\/el_el\/wp-json\/wp\/v2\/pages"}],"about":[{"href":"https:\/\/rheumazentrum-mittelhessen.de\/el_el\/wp-json\/wp\/v2\/types\/page"}],"author":[{"embeddable":true,"href":"https:\/\/rheumazentrum-mittelhessen.de\/el_el\/wp-json\/wp\/v2\/users\/2"}],"replies":[{"embeddable":true,"href":"https:\/\/rheumazentrum-mittelhessen.de\/el_el\/wp-json\/wp\/v2\/comments?post=3024"}],"version-history":[{"count":7,"href":"https:\/\/rheumazentrum-mittelhessen.de\/el_el\/wp-json\/wp\/v2\/pages\/3024\/revisions"}],"predecessor-version":[{"id":11877,"href":"https:\/\/rheumazentrum-mittelhessen.de\/el_el\/wp-json\/wp\/v2\/pages\/3024\/revisions\/11877"}],"up":[{"embeddable":true,"href":"https:\/\/rheumazentrum-mittelhessen.de\/el_el\/wp-json\/wp\/v2\/pages\/5309"}],"wp:attachment":[{"href":"https:\/\/rheumazentrum-mittelhessen.de\/el_el\/wp-json\/wp\/v2\/media?parent=3024"}],"curies":[{"name":"wp","href":"https:\/\/api.w.org\/{rel}","templated":true}]}}